{"id":8779,"date":"2026-08-30T23:04:28","date_gmt":"2026-08-30T21:04:28","guid":{"rendered":"https:\/\/www.radio-geretsried.de\/?page_id=8779"},"modified":"2026-08-30T23:04:28","modified_gmt":"2026-08-30T21:04:28","slug":"bewerbung","status":"publish","type":"page","link":"https:\/\/www.radio-geretsried.de\/index.php\/bewerbung\/","title":{"rendered":"Bewerbung"},"content":{"rendered":"<h1>\ud83c\udf99\ufe0f Werde Teil von Radio Geretsried!<\/h1>\n<p>Du liebst Musik, hast Spa\u00df am Moderieren und m\u00f6chtest deine Leidenschaft mit anderen teilen? Dann bist du bei <strong>Radio Geretsried<\/strong> genau richtig! \ud83d\udcfb<\/p>\n<p>Wir sind immer auf der Suche nach <strong>motivierten und engagierten Menschen<\/strong>, die unser Team unterst\u00fctzen und gemeinsam mit uns Radio machen m\u00f6chten.<\/p>\n<p>Egal, ob du bereits Erfahrung als <strong>Moderator\/in oder DJ<\/strong> hast oder einfach Lust darauf hast, etwas Neues auszuprobieren \u2013 bei uns z\u00e4hlt vor allem deine <strong>Begeisterung f\u00fcr Musik, deine Pers\u00f6nlichkeit und der Spa\u00df am Radio<\/strong>.<\/p>\n<h3>\ud83c\udfa7 Das erwartet dich<\/h3>\n<ul>\n<li>\ud83c\udf99\ufe0f Moderation eigener Radiosendungen<\/li>\n<li>\ud83c\udfb5 Musik, die Spa\u00df macht und unsere H\u00f6rer begeistert<\/li>\n<li>\ud83e\udd1d Ein engagiertes und freundliches Team<\/li>\n<li>\ud83d\udca1 Raum f\u00fcr eigene Ideen und kreative Sendungen<\/li>\n<li>\ud83d\udcfb Radioerfahrung sammeln und weiterentwickeln<\/li>\n<\/ul>\n<p>Du hast eine besondere Musikrichtung, ein eigenes Sendekonzept oder einfach eine gute Idee f\u00fcr Radio Geretsried? <strong>Dann erz\u00e4hl uns davon!<\/strong><\/p>\n<h3>\ud83d\ude80 Bewirb dich jetzt!<\/h3>\n<p>F\u00fclle einfach unser Bewerbungsformular aus und erz\u00e4hl uns etwas \u00fcber dich, deine Erfahrungen und warum du gerne Teil von <strong>Radio Geretsried<\/strong> werden m\u00f6chtest.<\/p>\n<p>Wir freuen uns darauf, <strong>dich kennenzulernen und vielleicht schon bald gemeinsam mit dir auf Sendung zu gehen!<\/strong><\/p>\n<p><strong>Radio Geretsried \u2013 Deine Musik. Deine Stimme. Dein Radio. \ud83c\udf99\ufe0f\ud83d\udcfb<\/strong><\/p>\n\n<div class=\"wpcf7 no-js\" id=\"wpcf7-f8777-o1\" lang=\"de-DE\" dir=\"ltr\" data-wpcf7-id=\"8777\">\n<div class=\"screen-reader-response\"><p role=\"status\" aria-live=\"polite\" aria-atomic=\"true\"><\/p> <ul><\/ul><\/div>\n<form action=\"\/index.php\/wp-json\/wp\/v2\/pages\/8779#wpcf7-f8777-o1\" method=\"post\" class=\"wpcf7-form init\" aria-label=\"Kontaktformular\" enctype=\"multipart\/form-data\" novalidate=\"novalidate\" data-status=\"init\">\n<fieldset class=\"hidden-fields-container\"><input type=\"hidden\" name=\"_wpcf7\" value=\"8777\" \/><input type=\"hidden\" name=\"_wpcf7_version\" value=\"6.1.7\" \/><input type=\"hidden\" name=\"_wpcf7_locale\" value=\"de_DE\" \/><input type=\"hidden\" name=\"_wpcf7_unit_tag\" value=\"wpcf7-f8777-o1\" \/><input type=\"hidden\" name=\"_wpcf7_container_post\" value=\"0\" \/><input type=\"hidden\" name=\"_wpcf7_posted_data_hash\" value=\"\" \/>\n<\/fieldset>\n<div class=\"radio-geretsried-bewerbung\">\n\t<h2>\ud83c\udf99\ufe0f Bewerbung bei Radio Geretsried\n\t<\/h2>\n\t<p>Du m\u00f6chtest Teil unseres Teams werden? Egal ob Moderator\/in, DJ oder im Hintergrund \u2013 wir freuen uns auf deine Bewerbung!\n\t<\/p>\n\t<h3>\ud83d\udc64 Pers\u00f6nliche Angaben\n\t<\/h3>\n\t<p><label>Vor- und Nachname *<br \/>\n<span class=\"wpcf7-form-control-wrap\" data-name=\"your-name\"><input size=\"40\" maxlength=\"400\" class=\"wpcf7-form-control wpcf7-text wpcf7-validates-as-required\" autocomplete=\"name\" aria-required=\"true\" aria-invalid=\"false\" placeholder=\"Vor- und Nachname\" value=\"\" type=\"text\" name=\"your-name\" \/><\/span><\/label>\n\t<\/p>\n\t<p><label>Geburtsdatum *<br \/>\n<span class=\"wpcf7-form-control-wrap\" data-name=\"birth-date\"><input class=\"wpcf7-form-control wpcf7-date wpcf7-validates-as-required wpcf7-validates-as-date\" aria-required=\"true\" aria-invalid=\"false\" value=\"\" type=\"date\" name=\"birth-date\" \/><\/span><\/label>\n\t<\/p>\n\t<p><label>E-Mail-Adresse *<br \/>\n<span class=\"wpcf7-form-control-wrap\" data-name=\"your-email\"><input size=\"40\" maxlength=\"400\" class=\"wpcf7-form-control wpcf7-email wpcf7-validates-as-required wpcf7-text wpcf7-validates-as-email\" autocomplete=\"email\" aria-required=\"true\" aria-invalid=\"false\" placeholder=\"deine@email.de\" value=\"\" type=\"email\" name=\"your-email\" \/><\/span><\/label>\n\t<\/p>\n\t<p><label>Telefonnummer<br \/>\n<span class=\"wpcf7-form-control-wrap\" data-name=\"your-phone\"><input size=\"40\" maxlength=\"400\" class=\"wpcf7-form-control wpcf7-tel wpcf7-text wpcf7-validates-as-tel\" autocomplete=\"tel\" aria-invalid=\"false\" placeholder=\"Telefonnummer\" value=\"\" type=\"tel\" name=\"your-phone\" \/><\/span><\/label>\n\t<\/p>\n\t<p><label>Wohnort *<br \/>\n<span class=\"wpcf7-form-control-wrap\" data-name=\"your-city\"><input size=\"40\" maxlength=\"400\" class=\"wpcf7-form-control wpcf7-text wpcf7-validates-as-required\" autocomplete=\"address-level2\" aria-required=\"true\" aria-invalid=\"false\" placeholder=\"Wohnort\" value=\"\" type=\"text\" name=\"your-city\" \/><\/span><\/label>\n\t<\/p>\n\t<h3>\ud83c\udfa7 Deine Bewerbung\n\t<\/h3>\n\t<p><strong>F\u00fcr welchen Bereich m\u00f6chtest du dich bewerben? *<\/strong>\n\t<\/p>\n\t<p><span class=\"wpcf7-form-control-wrap\" data-name=\"application-area\"><span class=\"wpcf7-form-control wpcf7-checkbox wpcf7-validates-as-required\"><span class=\"wpcf7-list-item first\"><label><input type=\"checkbox\" name=\"application-area[]\" value=\"Moderator\/in\" \/><span class=\"wpcf7-list-item-label\">Moderator\/in<\/span><\/label><\/span><span class=\"wpcf7-list-item\"><label><input type=\"checkbox\" name=\"application-area[]\" value=\"DJ\" \/><span class=\"wpcf7-list-item-label\">DJ<\/span><\/label><\/span><span class=\"wpcf7-list-item\"><label><input type=\"checkbox\" name=\"application-area[]\" value=\"Nachwuchs-Moderator\/in\" \/><span class=\"wpcf7-list-item-label\">Nachwuchs-Moderator\/in<\/span><\/label><\/span><span class=\"wpcf7-list-item\"><label><input type=\"checkbox\" name=\"application-area[]\" value=\"Redaktion\" \/><span class=\"wpcf7-list-item-label\">Redaktion<\/span><\/label><\/span><span class=\"wpcf7-list-item\"><label><input type=\"checkbox\" name=\"application-area[]\" value=\"Technik\" \/><span class=\"wpcf7-list-item-label\">Technik<\/span><\/label><\/span><span class=\"wpcf7-list-item\"><label><input type=\"checkbox\" name=\"application-area[]\" value=\"Social Media\" \/><span class=\"wpcf7-list-item-label\">Social Media<\/span><\/label><\/span><span class=\"wpcf7-list-item last\"><label><input type=\"checkbox\" name=\"application-area[]\" value=\"Sonstiges\" \/><span class=\"wpcf7-list-item-label\">Sonstiges<\/span><\/label><\/span><\/span><\/span>\n\t<\/p>\n\t<p><strong>Hast du bereits Erfahrungen im Radio, als DJ oder in der Moderation? *<\/strong>\n\t<\/p>\n\t<p><span class=\"wpcf7-form-control-wrap\" data-name=\"experience\"><span class=\"wpcf7-form-control wpcf7-radio\"><span class=\"wpcf7-list-item first\"><label><input type=\"radio\" name=\"experience\" value=\"Ja\" checked=\"checked\" \/><span class=\"wpcf7-list-item-label\">Ja<\/span><\/label><\/span><span class=\"wpcf7-list-item last\"><label><input type=\"radio\" name=\"experience\" value=\"Nein\" \/><span class=\"wpcf7-list-item-label\">Nein<\/span><\/label><\/span><\/span><\/span>\n\t<\/p>\n\t<p><label>Erz\u00e4hl uns etwas \u00fcber dich *<br \/>\n<span class=\"wpcf7-form-control-wrap\" data-name=\"about-you\"><textarea cols=\"40\" rows=\"10\" maxlength=\"2000\" class=\"wpcf7-form-control wpcf7-textarea wpcf7-validates-as-required\" aria-required=\"true\" aria-invalid=\"false\" placeholder=\"Wer bist du? Was machst du aktuell? Was sollten wir \u00fcber dich wissen?\" name=\"about-you\"><\/textarea><\/span><\/label>\n\t<\/p>\n\t<p><label>Welche Musikrichtungen liegen dir?<br \/>\n<span class=\"wpcf7-form-control-wrap\" data-name=\"music-style\"><textarea cols=\"40\" rows=\"10\" maxlength=\"2000\" class=\"wpcf7-form-control wpcf7-textarea\" aria-invalid=\"false\" placeholder=\"z. B. Charts, 80er, 90er, Schlager, Dance, Rock, Party...\" name=\"music-style\"><\/textarea><\/span><\/label>\n\t<\/p>\n\t<p><label>Welche Radio-, DJ- oder Moderationserfahrung hast du?<br \/>\n<span class=\"wpcf7-form-control-wrap\" data-name=\"experience-details\"><textarea cols=\"40\" rows=\"10\" maxlength=\"2000\" class=\"wpcf7-form-control wpcf7-textarea\" aria-invalid=\"false\" placeholder=\"Beschreibe hier deine bisherigen Erfahrungen.\" name=\"experience-details\"><\/textarea><\/span><\/label>\n\t<\/p>\n\t<p><label>Warum m\u00f6chtest du zu Radio Geretsried? *<br \/>\n<span class=\"wpcf7-form-control-wrap\" data-name=\"motivation\"><textarea cols=\"40\" rows=\"10\" maxlength=\"2000\" class=\"wpcf7-form-control wpcf7-textarea wpcf7-validates-as-required\" aria-required=\"true\" aria-invalid=\"false\" placeholder=\"Warum m\u00f6chtest du Teil unseres Teams werden?\" name=\"motivation\"><\/textarea><\/span><\/label>\n\t<\/p>\n\t<p><label>Wann bist du f\u00fcr Sendungen verf\u00fcgbar?<br \/>\n<span class=\"wpcf7-form-control-wrap\" data-name=\"availability\"><textarea cols=\"40\" rows=\"10\" maxlength=\"2000\" class=\"wpcf7-form-control wpcf7-textarea\" aria-invalid=\"false\" placeholder=\"z. B. Montag\u2013Freitag ab 18 Uhr, Wochenende flexibel...\" name=\"availability\"><\/textarea><\/span><\/label>\n\t<\/p>\n\t<p><label>Hast du eigenes Equipment?<br \/>\n<span class=\"wpcf7-form-control-wrap\" data-name=\"equipment\"><textarea cols=\"40\" rows=\"10\" maxlength=\"2000\" class=\"wpcf7-form-control wpcf7-textarea\" aria-invalid=\"false\" placeholder=\"z. B. Mikrofon, Mischpult, DJ-Controller, PC...\" name=\"equipment\"><\/textarea><\/span><\/label>\n\t<\/p>\n\t<h3>\ud83d\udcce Weitere Unterlagen\n\t<\/h3>\n\t<p>Du kannst deiner Bewerbung optional einen Lebenslauf oder weitere Unterlagen hinzuf\u00fcgen.\n\t<\/p>\n\t<p><span class=\"wpcf7-form-control-wrap\" data-name=\"application-file\"><input size=\"40\" class=\"wpcf7-form-control wpcf7-file\" accept=\".pdf,.doc,.docx,.jpg,.jpeg,.png\" aria-invalid=\"false\" type=\"file\" name=\"application-file\" \/><\/span>\n\t<\/p>\n\t<h3>\ud83d\udcac Zus\u00e4tzliche Nachricht\n\t<\/h3>\n\t<p><span class=\"wpcf7-form-control-wrap\" data-name=\"additional-message\"><textarea cols=\"40\" rows=\"10\" maxlength=\"2000\" class=\"wpcf7-form-control wpcf7-textarea\" aria-invalid=\"false\" placeholder=\"M\u00f6chtest du uns noch etwas mitteilen?\" name=\"additional-message\"><\/textarea><\/span>\n\t<\/p>\n\t<p><input class=\"wpcf7-form-control wpcf7-submit has-spinner\" type=\"submit\" value=\"\ud83c\udf99\ufe0f Bewerbung absenden\" \/>\n\t<\/p>\n<\/div><p style=\"display: none !important;\" class=\"akismet-fields-container\" data-prefix=\"_wpcf7_ak_\"><label>&#916;<textarea name=\"_wpcf7_ak_hp_textarea\" cols=\"45\" rows=\"8\" maxlength=\"100\"><\/textarea><\/label><input type=\"hidden\" id=\"ak_js_1\" name=\"_wpcf7_ak_js\" value=\"70\"\/><script>\ndocument.getElementById( \"ak_js_1\" ).setAttribute( \"value\", ( new Date() ).getTime() );\n<\/script>\n<\/p><div class=\"wpcf7-response-output\" aria-hidden=\"true\"><\/div>\n<\/form>\n<\/div>\n\n","protected":false},"excerpt":{"rendered":"<p>\ud83c\udf99\ufe0f Werde Teil von Radio Geretsried! Du liebst Musik, hast Spa\u00df am Moderieren und m\u00f6chtest deine Leidenschaft mit anderen teilen? Dann bist du bei Radio Geretsried genau richtig! \ud83d\udcfb Wir sind immer auf der Suche nach motivierten und engagierten Menschen, die unser Team unterst\u00fctzen und gemeinsam mit uns Radio machen ...<\/p>\n","protected":false},"author":9,"featured_media":0,"parent":0,"menu_order":0,"comment_status":"closed","ping_status":"closed","template":"","meta":{"_themeisle_gutenberg_block_has_review":false,"footnotes":""},"class_list":["post-8779","page","type-page","status-publish","hentry"],"yoast_head":"<!-- This site is optimized with the Yoast SEO plugin v28.3 - https:\/\/yoast.com\/product\/yoast-seo-wordpress\/ -->\n<title>Bewerbung - RADIO GERETSRIED<\/title>\n<meta name=\"robots\" content=\"index, follow, max-snippet:-1, max-image-preview:large, max-video-preview:-1\" \/>\n<link rel=\"canonical\" href=\"https:\/\/www.radio-geretsried.de\/index.php\/bewerbung\/\" \/>\n<meta property=\"og:locale\" content=\"de_DE\" \/>\n<meta property=\"og:type\" content=\"article\" \/>\n<meta property=\"og:title\" content=\"Bewerbung - RADIO GERETSRIED\" \/>\n<meta property=\"og:description\" content=\"\ud83c\udf99\ufe0f Werde Teil von Radio Geretsried! Du liebst Musik, hast Spa\u00df am Moderieren und m\u00f6chtest deine Leidenschaft mit anderen teilen? Dann bist du bei Radio Geretsried genau richtig! \ud83d\udcfb Wir sind immer auf der Suche nach motivierten und engagierten Menschen, die unser Team unterst\u00fctzen und gemeinsam mit uns Radio machen [...]\" \/>\n<meta property=\"og:url\" content=\"https:\/\/www.radio-geretsried.de\/index.php\/bewerbung\/\" \/>\n<meta property=\"og:site_name\" content=\"RADIO GERETSRIED\" \/>\n<meta property=\"article:publisher\" content=\"https:\/\/www.facebook.com\/stadtsender\" \/>\n<meta name=\"twitter:card\" content=\"summary_large_image\" \/>\n<meta name=\"twitter:label1\" content=\"Gesch\u00e4tzte Lesezeit\" \/>\n\t<meta name=\"twitter:data1\" content=\"2\u00a0Minuten\" \/>\n<script type=\"application\/ld+json\" class=\"yoast-schema-graph\">{\"@context\":\"https:\\\/\\\/schema.org\",\"@graph\":[{\"@type\":\"WebPage\",\"@id\":\"https:\\\/\\\/www.radio-geretsried.de\\\/index.php\\\/bewerbung\\\/\",\"url\":\"https:\\\/\\\/www.radio-geretsried.de\\\/index.php\\\/bewerbung\\\/\",\"name\":\"Bewerbung - RADIO GERETSRIED\",\"isPartOf\":{\"@id\":\"https:\\\/\\\/www.radio-geretsried.de\\\/#website\"},\"datePublished\":\"2026-08-30T21:04:28+00:00\",\"breadcrumb\":{\"@id\":\"https:\\\/\\\/www.radio-geretsried.de\\\/index.php\\\/bewerbung\\\/#breadcrumb\"},\"inLanguage\":\"de\",\"potentialAction\":[{\"@type\":\"ReadAction\",\"target\":[\"https:\\\/\\\/www.radio-geretsried.de\\\/index.php\\\/bewerbung\\\/\"]}]},{\"@type\":\"BreadcrumbList\",\"@id\":\"https:\\\/\\\/www.radio-geretsried.de\\\/index.php\\\/bewerbung\\\/#breadcrumb\",\"itemListElement\":[{\"@type\":\"ListItem\",\"position\":1,\"name\":\"Startseite\",\"item\":\"https:\\\/\\\/www.radio-geretsried.de\\\/\"},{\"@type\":\"ListItem\",\"position\":2,\"name\":\"Bewerbung\"}]},{\"@type\":\"WebSite\",\"@id\":\"https:\\\/\\\/www.radio-geretsried.de\\\/#website\",\"url\":\"https:\\\/\\\/www.radio-geretsried.de\\\/\",\"name\":\"RADIO GERETSRIED\",\"description\":\"So klingt die Stadt\",\"publisher\":{\"@id\":\"https:\\\/\\\/www.radio-geretsried.de\\\/#organization\"},\"potentialAction\":[{\"@type\":\"SearchAction\",\"target\":{\"@type\":\"EntryPoint\",\"urlTemplate\":\"https:\\\/\\\/www.radio-geretsried.de\\\/?s={search_term_string}\"},\"query-input\":{\"@type\":\"PropertyValueSpecification\",\"valueRequired\":true,\"valueName\":\"search_term_string\"}}],\"inLanguage\":\"de\"},{\"@type\":\"Organization\",\"@id\":\"https:\\\/\\\/www.radio-geretsried.de\\\/#organization\",\"name\":\"RADIO GERETSRIED\",\"url\":\"https:\\\/\\\/www.radio-geretsried.de\\\/\",\"logo\":{\"@type\":\"ImageObject\",\"inLanguage\":\"de\",\"@id\":\"https:\\\/\\\/www.radio-geretsried.de\\\/#\\\/schema\\\/logo\\\/image\\\/\",\"url\":\"https:\\\/\\\/www.radio-geretsried.de\\\/wp-content\\\/uploads\\\/2022\\\/07\\\/Radio-Geretsried-Logo-Farbig-e1656961244490.png\",\"contentUrl\":\"https:\\\/\\\/www.radio-geretsried.de\\\/wp-content\\\/uploads\\\/2022\\\/07\\\/Radio-Geretsried-Logo-Farbig-e1656961244490.png\",\"width\":4000,\"height\":1780,\"caption\":\"RADIO GERETSRIED\"},\"image\":{\"@id\":\"https:\\\/\\\/www.radio-geretsried.de\\\/#\\\/schema\\\/logo\\\/image\\\/\"},\"sameAs\":[\"https:\\\/\\\/www.facebook.com\\\/stadtsender\",\"https:\\\/\\\/www.instagram.com\\\/radiogeretsried\\\/\"]}]}<\/script>\n<!-- \/ Yoast SEO plugin. -->","yoast_head_json":{"title":"Bewerbung - RADIO GERETSRIED","robots":{"index":"index","follow":"follow","max-snippet":"max-snippet:-1","max-image-preview":"max-image-preview:large","max-video-preview":"max-video-preview:-1"},"canonical":"https:\/\/www.radio-geretsried.de\/index.php\/bewerbung\/","og_locale":"de_DE","og_type":"article","og_title":"Bewerbung - RADIO GERETSRIED","og_description":"\ud83c\udf99\ufe0f Werde Teil von Radio Geretsried! Du liebst Musik, hast Spa\u00df am Moderieren und m\u00f6chtest deine Leidenschaft mit anderen teilen? Dann bist du bei Radio Geretsried genau richtig! \ud83d\udcfb Wir sind immer auf der Suche nach motivierten und engagierten Menschen, die unser Team unterst\u00fctzen und gemeinsam mit uns Radio machen [...]","og_url":"https:\/\/www.radio-geretsried.de\/index.php\/bewerbung\/","og_site_name":"RADIO GERETSRIED","article_publisher":"https:\/\/www.facebook.com\/stadtsender","twitter_card":"summary_large_image","twitter_misc":{"Gesch\u00e4tzte Lesezeit":"2\u00a0Minuten"},"schema":{"@context":"https:\/\/schema.org","@graph":[{"@type":"WebPage","@id":"https:\/\/www.radio-geretsried.de\/index.php\/bewerbung\/","url":"https:\/\/www.radio-geretsried.de\/index.php\/bewerbung\/","name":"Bewerbung - RADIO GERETSRIED","isPartOf":{"@id":"https:\/\/www.radio-geretsried.de\/#website"},"datePublished":"2026-08-30T21:04:28+00:00","breadcrumb":{"@id":"https:\/\/www.radio-geretsried.de\/index.php\/bewerbung\/#breadcrumb"},"inLanguage":"de","potentialAction":[{"@type":"ReadAction","target":["https:\/\/www.radio-geretsried.de\/index.php\/bewerbung\/"]}]},{"@type":"BreadcrumbList","@id":"https:\/\/www.radio-geretsried.de\/index.php\/bewerbung\/#breadcrumb","itemListElement":[{"@type":"ListItem","position":1,"name":"Startseite","item":"https:\/\/www.radio-geretsried.de\/"},{"@type":"ListItem","position":2,"name":"Bewerbung"}]},{"@type":"WebSite","@id":"https:\/\/www.radio-geretsried.de\/#website","url":"https:\/\/www.radio-geretsried.de\/","name":"RADIO GERETSRIED","description":"So klingt die Stadt","publisher":{"@id":"https:\/\/www.radio-geretsried.de\/#organization"},"potentialAction":[{"@type":"SearchAction","target":{"@type":"EntryPoint","urlTemplate":"https:\/\/www.radio-geretsried.de\/?s={search_term_string}"},"query-input":{"@type":"PropertyValueSpecification","valueRequired":true,"valueName":"search_term_string"}}],"inLanguage":"de"},{"@type":"Organization","@id":"https:\/\/www.radio-geretsried.de\/#organization","name":"RADIO GERETSRIED","url":"https:\/\/www.radio-geretsried.de\/","logo":{"@type":"ImageObject","inLanguage":"de","@id":"https:\/\/www.radio-geretsried.de\/#\/schema\/logo\/image\/","url":"https:\/\/www.radio-geretsried.de\/wp-content\/uploads\/2022\/07\/Radio-Geretsried-Logo-Farbig-e1656961244490.png","contentUrl":"https:\/\/www.radio-geretsried.de\/wp-content\/uploads\/2022\/07\/Radio-Geretsried-Logo-Farbig-e1656961244490.png","width":4000,"height":1780,"caption":"RADIO GERETSRIED"},"image":{"@id":"https:\/\/www.radio-geretsried.de\/#\/schema\/logo\/image\/"},"sameAs":["https:\/\/www.facebook.com\/stadtsender","https:\/\/www.instagram.com\/radiogeretsried\/"]}]}},"_links":{"self":[{"href":"https:\/\/www.radio-geretsried.de\/index.php\/wp-json\/wp\/v2\/pages\/8779","targetHints":{"allow":["GET"]}}],"collection":[{"href":"https:\/\/www.radio-geretsried.de\/index.php\/wp-json\/wp\/v2\/pages"}],"about":[{"href":"https:\/\/www.radio-geretsried.de\/index.php\/wp-json\/wp\/v2\/types\/page"}],"author":[{"embeddable":true,"href":"https:\/\/www.radio-geretsried.de\/index.php\/wp-json\/wp\/v2\/users\/9"}],"replies":[{"embeddable":true,"href":"https:\/\/www.radio-geretsried.de\/index.php\/wp-json\/wp\/v2\/comments?post=8779"}],"version-history":[{"count":1,"href":"https:\/\/www.radio-geretsried.de\/index.php\/wp-json\/wp\/v2\/pages\/8779\/revisions"}],"predecessor-version":[{"id":8780,"href":"https:\/\/www.radio-geretsried.de\/index.php\/wp-json\/wp\/v2\/pages\/8779\/revisions\/8780"}],"wp:attachment":[{"href":"https:\/\/www.radio-geretsried.de\/index.php\/wp-json\/wp\/v2\/media?parent=8779"}],"curies":[{"name":"wp","href":"https:\/\/api.w.org\/{rel}","templated":true}]}}