{"id":6864,"date":"2021-08-30T13:29:09","date_gmt":"2021-08-30T13:29:09","guid":{"rendered":"https:\/\/demo.pro.radio\/wp4\/home-04\/"},"modified":"2022-07-02T07:36:52","modified_gmt":"2022-07-02T05:36:52","slug":"home-04","status":"publish","type":"page","link":"https:\/\/www.radio-geretsried.de\/index.php\/home-04\/","title":{"rendered":"Home 04"},"content":{"rendered":"\t\t<div data-elementor-type=\"wp-page\" data-elementor-id=\"6864\" class=\"elementor elementor-6864\">\n\t\t\t\t\t\t<section class=\"elementor-section elementor-top-section elementor-element elementor-element-33d5650 elementor-section-boxed elementor-section-height-default elementor-section-height-default\" data-id=\"33d5650\" data-element_type=\"section\" data-e-type=\"section\">\n\t\t\t\t\t\t<div class=\"elementor-container elementor-column-gap-custom\">\n\t\t\t\t\t<div class=\"elementor-column elementor-col-100 elementor-top-column elementor-element elementor-element-ef51665\" data-id=\"ef51665\" data-element_type=\"column\" data-e-type=\"column\">\n\t\t\t<div class=\"elementor-widget-wrap elementor-element-populated\">\n\t\t\t\t\t\t<div class=\"elementor-element elementor-element-80f6a41 elementor-widget elementor-widget-proradio-elementor-qt-caption\" data-id=\"80f6a41\" data-element_type=\"widget\" data-e-type=\"widget\" data-widget_type=\"proradio-elementor-qt-caption.default\">\n\t\t\t\t<div class=\"elementor-widget-container\">\n\t\t\t\t\t\t\t<div>\n\t\t\t<h3  class=\"proradio-element-caption proradio-caption  proradio-caption__m proradio-anim  \" data-qtwaypoints-offset=\"30\" data-qtwaypoints>\t\t\t\t<span>HIGHLIGHTS<\/span>\n\t\t\t\t<\/h3>\t\t<\/div>\n\t\t\t\t\t\t<\/div>\n\t\t\t\t<\/div>\n\t\t\t\t<div class=\"elementor-element elementor-element-7345b55 elementor-widget elementor-widget-proradio-elementor-post-slider\" data-id=\"7345b55\" data-element_type=\"widget\" data-e-type=\"widget\" data-widget_type=\"proradio-elementor-post-slider.default\">\n\t\t\t\t<div class=\"elementor-widget-container\">\n\t\t\t\t\t\n\t\t\t<div id=\"gridqt-post-carousel-686469f4d114c159b\" class=\"proradio-slider proradio-slider-owl proradio-slider--fullwidth\">\n\t\t\t\t<div id=\"qt-post-carousel-686469f4d114c159b\" class=\"proradio-owl-carousel owl-carousel owl-theme proradio-owl-theme\" data-items=\"1\"data-items_tablet=\"1\" data-items_mobile=\"1\" data-items_mobile_hori=\"1\" data-gap=\"0\" data-pause_on_hover=\"true\" data-loop=\"true\" data-center=\"true\" data-stage_padding=\"0\" data-nav=\"true\" data-dots=\"true\" data-autoplay_timeout=\"5000\" data-amount=\"3\">\n\t\t\t\t\t\t\t\t\t\t\t<div class=\"proradio-item\">\n\t\t\t\t\t\t\t<div class=\"proradio-itemcontainer\">\n\t\t\t\t\t\t\t\t<article id=\"proradio-slider-post-8703\" class=\"proradio-post proradio-slider__item proradio-negative\">\n\t<div class=\"proradio-slider__img proradio-bgimg proradio-bgimg--full proradio-duotone\">\n\t\t<img fetchpriority=\"high\" decoding=\"async\" width=\"1138\" height=\"1170\" src=\"https:\/\/www.radio-geretsried.de\/wp-content\/uploads\/2025\/08\/rg-sucht-dich-1138x1170.jpeg\" class=\"proradio-slider__i wp-post-image\" alt=\"Wir suchen DICH!!!\" srcset=\"https:\/\/www.radio-geretsried.de\/wp-content\/uploads\/2025\/08\/rg-sucht-dich-1138x1170.jpeg 1138w, https:\/\/www.radio-geretsried.de\/wp-content\/uploads\/2025\/08\/rg-sucht-dich-749x770.jpeg 749w, https:\/\/www.radio-geretsried.de\/wp-content\/uploads\/2025\/08\/rg-sucht-dich-768x790.jpeg 768w, https:\/\/www.radio-geretsried.de\/wp-content\/uploads\/2025\/08\/rg-sucht-dich.jpeg 1284w\" sizes=\"(max-width: 1138px) 100vw, 1138px\" \/>\t<\/div>\n\t<div class=\"proradio-slider__c proradio-slider__c--post\">\n\t\t<a class=\"proradio-post__header__link\" href=\"https:\/\/www.radio-geretsried.de\/index.php\/2025\/08\/28\/wir-suchen-dich\/\"><\/a>\n\t\t<div class=\"proradio-container\">\n\t\t\t<p class=\"proradio-cats\">\n\t\t\t\t<a href=\"https:\/\/www.radio-geretsried.de\/index.php\/category\/radio-geretsried\/\" class=\"proradio-catid-60\">Radio Geretsried<\/a>\t\t\t<\/p>\n\t\t\t<h3 class=\"proradio-post__title proradio-cutme-t-3 proradio-h1\" ><a href=\"https:\/\/www.radio-geretsried.de\/index.php\/2025\/08\/28\/wir-suchen-dich\/\">Wir suchen DICH!!!<\/a><\/h3>\n\t\t\t<div class=\"proradio-slider__exc\">\n\t\t\t\t<p class=\"proradio-cutme-t-3\">\n\t\t\t\t\t\ud83d\ude80 Deine Stimme geh\u00f6rt ins Radio \u2013 wirklich! \ud83c\udf99\ufe0f\u2728 Du hast Spa\u00df an Musik, redest gerne und hast keine Angst vorm Mikro? Dann fehlt nur noch eins: DU bei uns im Team! \ud83c\udfb6 Unser Internet-Radiosender sucht neue Moderatorinnen und Moderatoren, die Bock haben, live On Air zu gehen. \ud83d\udc49 mAirList solltest du schon kennen \u2013 aber keine Sorge: Alles andere bringen wir dir bei. Also, worauf wartest du noch? \u2705 [&hellip;]\t\t\t\t<\/p>\n\t\t\t<\/div>\n\t\t<\/div>\n\t\t\t<\/div>\n\t\t\n<\/article>\n\t\t\t\t\t\t\t<\/div>\n\t\t\t\t\t\t<\/div>\n\t\t\t\t\t\t\t\t\t\t\t\t<div class=\"proradio-item\">\n\t\t\t\t\t\t\t<div class=\"proradio-itemcontainer\">\n\t\t\t\t\t\t\t\t<article id=\"proradio-slider-post-8691\" class=\"proradio-post proradio-slider__item proradio-negative\">\n\t<div class=\"proradio-slider__img proradio-bgimg proradio-bgimg--full proradio-duotone\">\n\t\t<img decoding=\"async\" width=\"1170\" height=\"780\" src=\"https:\/\/www.radio-geretsried.de\/wp-content\/uploads\/2025\/08\/Monster-WG-1170x780.jpeg\" class=\"proradio-slider__i wp-post-image\" alt=\"NEU: Die Monster-WG auf Radio Geretsried\" srcset=\"https:\/\/www.radio-geretsried.de\/wp-content\/uploads\/2025\/08\/Monster-WG-1170x780.jpeg 1170w, https:\/\/www.radio-geretsried.de\/wp-content\/uploads\/2025\/08\/Monster-WG-770x513.jpeg 770w, https:\/\/www.radio-geretsried.de\/wp-content\/uploads\/2025\/08\/Monster-WG-768x512.jpeg 768w, https:\/\/www.radio-geretsried.de\/wp-content\/uploads\/2025\/08\/Monster-WG.jpeg 1536w\" sizes=\"(max-width: 1170px) 100vw, 1170px\" \/>\t<\/div>\n\t<div class=\"proradio-slider__c proradio-slider__c--post\">\n\t\t<a class=\"proradio-post__header__link\" href=\"https:\/\/www.radio-geretsried.de\/index.php\/2025\/08\/26\/neu-die-monster-wg-auf-radio-geretsried\/\"><\/a>\n\t\t<div class=\"proradio-container\">\n\t\t\t<p class=\"proradio-cats\">\n\t\t\t\t<a href=\"https:\/\/www.radio-geretsried.de\/index.php\/category\/allgemein\/\" class=\"proradio-catid-1\">Allgemein<\/a>\t\t\t<\/p>\n\t\t\t<h3 class=\"proradio-post__title proradio-cutme-t-3 proradio-h1\" ><a href=\"https:\/\/www.radio-geretsried.de\/index.php\/2025\/08\/26\/neu-die-monster-wg-auf-radio-geretsried\/\">NEU: Die Monster-WG auf Radio Geretsried<\/a><\/h3>\n\t\t\t<div class=\"proradio-slider__exc\">\n\t\t\t\t<p class=\"proradio-cutme-t-3\">\n\t\t\t\t\tDie Monster sind in den Bunker eingezogen und sorgen ab sofort f\u00fcr m\u00e4chtig Chaos bei Radio Geretsried. Die Monster h\u00f6rst du live on Tape regelm\u00e4\u00dfig in unserem Programm.\t\t\t\t<\/p>\n\t\t\t<\/div>\n\t\t<\/div>\n\t\t\t<\/div>\n\t\t\n<\/article>\n\t\t\t\t\t\t\t<\/div>\n\t\t\t\t\t\t<\/div>\n\t\t\t\t\t\t\t\t\t\t\t\t<div class=\"proradio-item\">\n\t\t\t\t\t\t\t<div class=\"proradio-itemcontainer\">\n\t\t\t\t\t\t\t\t<article id=\"proradio-slider-post-8688\" class=\"proradio-post proradio-slider__item proradio-negative\">\n\t<div class=\"proradio-slider__img proradio-bgimg proradio-bgimg--full proradio-duotone\">\n\t\t<img decoding=\"async\" width=\"780\" height=\"1170\" src=\"https:\/\/www.radio-geretsried.de\/wp-content\/uploads\/2025\/08\/kosmos-780x1170.jpeg\" class=\"proradio-slider__i wp-post-image\" alt=\"NEU: Tothie\u00b4s Kosmos\" srcset=\"https:\/\/www.radio-geretsried.de\/wp-content\/uploads\/2025\/08\/kosmos-780x1170.jpeg 780w, https:\/\/www.radio-geretsried.de\/wp-content\/uploads\/2025\/08\/kosmos-513x770.jpeg 513w, https:\/\/www.radio-geretsried.de\/wp-content\/uploads\/2025\/08\/kosmos-768x1152.jpeg 768w, https:\/\/www.radio-geretsried.de\/wp-content\/uploads\/2025\/08\/kosmos.jpeg 1024w\" sizes=\"(max-width: 780px) 100vw, 780px\" \/>\t<\/div>\n\t<div class=\"proradio-slider__c proradio-slider__c--post\">\n\t\t<a class=\"proradio-post__header__link\" href=\"https:\/\/www.radio-geretsried.de\/index.php\/2025\/08\/26\/tothies-kosmos\/\"><\/a>\n\t\t<div class=\"proradio-container\">\n\t\t\t<p class=\"proradio-cats\">\n\t\t\t\t<a href=\"https:\/\/www.radio-geretsried.de\/index.php\/category\/allgemein\/\" class=\"proradio-catid-1\">Allgemein<\/a>\t\t\t<\/p>\n\t\t\t<h3 class=\"proradio-post__title proradio-cutme-t-3 proradio-h1\" ><a href=\"https:\/\/www.radio-geretsried.de\/index.php\/2025\/08\/26\/tothies-kosmos\/\">NEU: Tothie\u00b4s Kosmos<\/a><\/h3>\n\t\t\t<div class=\"proradio-slider__exc\">\n\t\t\t\t<p class=\"proradio-cutme-t-3\">\n\t\t\t\t\tTothie lebt in seinem eigenen Kosmos. Das habt ihr ja bereits geh\u00f6rt. Nun bringt er seine Gedanken exklusiv und live on Tape regelm\u00e4\u00dfig in unserem Programm. Tothie\u00b4s Kosmos ist anders, liebevoll, mit etwas Magie versehen. Aber stets chaotisch. H\u00f6rt selbst und grinst mit \ud83d\ude05.\t\t\t\t<\/p>\n\t\t\t<\/div>\n\t\t<\/div>\n\t\t\t<\/div>\n\t\t\n<\/article>\n\t\t\t\t\t\t\t<\/div>\n\t\t\t\t\t\t<\/div>\n\t\t\t\t\t\t\t\t\t\t<\/div>\n\t\t\t<\/div>\n\t\t\t\t\t\t\t<\/div>\n\t\t\t\t<\/div>\n\t\t\t\t\t<\/div>\n\t\t<\/div>\n\t\t\t\t\t<\/div>\n\t\t<\/section>\n\t\t\t\t<section class=\"elementor-section elementor-top-section elementor-element elementor-element-0a71d17 elementor-section-boxed elementor-section-height-default elementor-section-height-default\" data-id=\"0a71d17\" data-element_type=\"section\" data-e-type=\"section\">\n\t\t\t\t\t\t<div class=\"elementor-container elementor-column-gap-custom\">\n\t\t\t\t\t<div class=\"elementor-column elementor-col-100 elementor-top-column elementor-element elementor-element-016ac97\" data-id=\"016ac97\" data-element_type=\"column\" data-e-type=\"column\">\n\t\t\t<div class=\"elementor-widget-wrap elementor-element-populated\">\n\t\t\t\t\t\t<div class=\"elementor-element elementor-element-30d89e9 elementor-widget elementor-widget-proradio-elementor-qt-caption\" data-id=\"30d89e9\" data-element_type=\"widget\" data-e-type=\"widget\" data-widget_type=\"proradio-elementor-qt-caption.default\">\n\t\t\t\t<div class=\"elementor-widget-container\">\n\t\t\t\t\t\t\t<div>\n\t\t\t<h3  class=\"proradio-element-caption proradio-caption  proradio-caption__m proradio-anim  \" data-qtwaypoints-offset=\"30\" data-qtwaypoints>\t\t\t\t<span>TOPICS<\/span>\n\t\t\t\t<\/h3>\t\t<\/div>\n\t\t\t\t\t\t<\/div>\n\t\t\t\t<\/div>\n\t\t\t\t<div class=\"elementor-element elementor-element-f1cc77f elementor-widget elementor-widget-proradio-elementor-category-grid\" data-id=\"f1cc77f\" data-element_type=\"widget\" data-e-type=\"widget\" data-widget_type=\"proradio-elementor-category-grid.default\">\n\t\t\t\t<div class=\"elementor-widget-container\">\n\t\t\t\t\t\n\t\t<div id=\"gridqt-category-grid-8688\" class=\"proradio-container proradio-template-category-grid\">\n\t\t\t<div class=\"proradio-row\">\n\t\t\t\t\t\t\t\t\t\t<div class=\"proradio-col proradio-s12 proradio-m4 proradio-l4 proradio-catid-1\">\n\t\t\t\t\t\t\t<a class=\"proradio-cat-card proradio-negative \" href=\"https:\/\/www.radio-geretsried.de\/index.php\/category\/allgemein\/\">\n\t\t\t\t\t\t\t\t\t\t\t\t\t\t\t\t<h6 class=\"proradio-caption__s\">Allgemein<\/h6>\n\t\t\t\t\t\t\t<\/a>\n\t\t\t\t\t\t<\/div>\n\t\t\t\t\t\t\t\t\t\t\t\t<div class=\"proradio-col proradio-s12 proradio-m4 proradio-l4 proradio-catid-59\">\n\t\t\t\t\t\t\t<a class=\"proradio-cat-card proradio-negative \" href=\"https:\/\/www.radio-geretsried.de\/index.php\/category\/nachrichten\/\">\n\t\t\t\t\t\t\t\t\t\t\t\t\t\t\t\t<h6 class=\"proradio-caption__s\">Nachrichten<\/h6>\n\t\t\t\t\t\t\t<\/a>\n\t\t\t\t\t\t<\/div>\n\t\t\t\t\t\t\t\t\t\t\t\t<div class=\"proradio-col proradio-s12 proradio-m4 proradio-l4 proradio-catid-60\">\n\t\t\t\t\t\t\t<a class=\"proradio-cat-card proradio-negative \" href=\"https:\/\/www.radio-geretsried.de\/index.php\/category\/radio-geretsried\/\">\n\t\t\t\t\t\t\t\t\t\t\t\t\t\t\t\t<h6 class=\"proradio-caption__s\">Radio Geretsried<\/h6>\n\t\t\t\t\t\t\t<\/a>\n\t\t\t\t\t\t<\/div>\n\t\t\t\t\t\t\t\t\t<\/div>\n\t\t<\/div>\n\t\t\t\t\t\t<\/div>\n\t\t\t\t<\/div>\n\t\t\t\t<div class=\"elementor-element elementor-element-a05d049 elementor-widget elementor-widget-proradio-elementor-qt-caption\" data-id=\"a05d049\" data-element_type=\"widget\" data-e-type=\"widget\" data-widget_type=\"proradio-elementor-qt-caption.default\">\n\t\t\t\t<div class=\"elementor-widget-container\">\n\t\t\t\t\t\t\t<div>\n\t\t\t<h3  class=\"proradio-element-caption proradio-caption  proradio-caption__m proradio-anim  \" data-qtwaypoints-offset=\"30\" data-qtwaypoints>\t\t\t\t<span>MORE NEWS<\/span>\n\t\t\t\t<\/h3>\t\t<\/div>\n\t\t\t\t\t\t<\/div>\n\t\t\t\t<\/div>\n\t\t\t\t\t<\/div>\n\t\t<\/div>\n\t\t\t\t\t<\/div>\n\t\t<\/section>\n\t\t\t\t<section class=\"elementor-section elementor-top-section elementor-element elementor-element-97f4c8c elementor-section-boxed elementor-section-height-default elementor-section-height-default\" data-id=\"97f4c8c\" data-element_type=\"section\" data-e-type=\"section\">\n\t\t\t\t\t\t<div class=\"elementor-container elementor-column-gap-custom\">\n\t\t\t\t\t<div class=\"elementor-column elementor-col-100 elementor-top-column elementor-element elementor-element-9341f1e\" data-id=\"9341f1e\" data-element_type=\"column\" data-e-type=\"column\">\n\t\t\t<div class=\"elementor-widget-wrap elementor-element-populated\">\n\t\t\t\t\t\t<div class=\"elementor-element elementor-element-1574602 elementor-widget elementor-widget-proradio-elementor-post-cards\" data-id=\"1574602\" data-element_type=\"widget\" data-e-type=\"widget\" data-widget_type=\"proradio-elementor-post-cards.default\">\n\t\t\t\t<div class=\"elementor-widget-container\">\n\t\t\t\t\t\t\t\t<div id=\"qttmelementor-grid-a624acf0\" class=\"proradio-container proradio-post-grid\">\n\n\t\t\t\t\t\t\t\t<div id=\"qttmelementor-list-a624acf0\" class=\"proradio-row\">\n\t\t\t\t\t\t\t\t\t\t\t<div class=\"proradio-col proradio-col__post proradio-s12 proradio-m6 proradio-l6\">\n\t\t\t\t\t\t\t<article class=\"proradio-post proradio-post__card proradio-darkbg proradio-negative post-8676 post type-post status-publish format-standard has-post-thumbnail hentry category-allgemein\" data-qtwaypoints>\n\t<div class=\"proradio-bgimg proradio-bgimg--full proradio-duotone\">\n\t\t<img loading=\"lazy\" decoding=\"async\" width=\"370\" height=\"480\" src=\"https:\/\/www.radio-geretsried.de\/wp-content\/uploads\/2022\/07\/DWWWE-370x480.jpg\" class=\"proradio-post__thumb wp-post-image\" alt=\"\" \/>\t<\/div>\n\t<div class=\"proradio-post__headercont\">\n\t\t<a class=\"proradio-post__header__link\" href=\"https:\/\/www.radio-geretsried.de\/index.php\/2025\/05\/12\/die-dummfrage-des-wochenendes\/\"><\/a>\n\t\t<div class=\"proradio-actions__cont\">\n\t<div class=\"proradio-actions\">\n\t\t\t\n\t\t\t\t<a href=\"https:\/\/www.radio-geretsried.de\/index.php\/2025\/05\/12\/die-dummfrage-des-wochenendes\/\" class=\"proradio-actionicon\"><i class=\"material-icons\">insert_link<\/i><\/a>\n\t\t\t\n\n\t\t\t\t<span class=\"proradio-actions__a1\">\t\t<a data-ttgreaktions-shareboxfull=\"{&quot;id&quot;:&quot;8676&quot;,&quot;shared&quot;:&quot;https:\\\/\\\/www.radio-geretsried.de\\\/index.php\\\/2025\\\/05\\\/12\\\/die-dummfrage-des-wochenendes\\\/&quot;,&quot;title&quot;:&quot;Die Dummfrage des Wochenendes!&quot;,&quot;finalUrl&quot;:&quot;https:\\\/\\\/www.radio-geretsried.de\\\/index.php\\\/2025\\\/05\\\/12\\\/die-dummfrage-des-wochenendes\\\/?id=8676&amp;reaktions-share-fullpage=8676&amp;noajax=1&amp;label=Teilen&amp;btnclass=proradio-btn  proradio-btn__r&amp;secure=6fcfc47ec7&quot;}\" href=\"#nojax\" class=\"proradio_reaktions-link \">\n\t\t\t<span class=\"qtli\"><i class=\"reakticons-share\"><\/i><\/span><span class=\"count\">2<\/span>\n\t\t<\/a>\n\t\t<\/span>\n\t\t\n\n\t\t\t\t<span class=\"proradio-actions__a2\">\t\t<a data-ttgreaktions-lovelink class=\"proradio_reaktions-link \" data-post_id=\"8676\" href=\"#\">\n\t        <span class=\"qtli\"><i class=\"reakticons-heart\"><\/i><\/span><span class=\"qtli count\"><\/span>\n\t    <\/a>\n\t\t<\/span>\n\t\t\t<\/div>\n<\/div>\n\n\n\t\t<div class=\"proradio-post__card__cap\">\n\t\t\t<p class=\"proradio-cats\">\n\t<a href=\"https:\/\/www.radio-geretsried.de\/index.php\/category\/allgemein\/\" class=\"proradio-catid-1\">Allgemein<\/a><\/p>\t\t\t<h3 class=\"proradio-post__title proradio-h4 proradio-cutme-t-4\"><a href=\"https:\/\/www.radio-geretsried.de\/index.php\/2025\/05\/12\/die-dummfrage-des-wochenendes\/\">Die Dummfrage des Wochenendes!<\/a><\/h3>\n\t\t\t<p class=\"proradio-meta proradio-small\">\n\t\t\t\t<span class=\"proradio-date\"><i class=\"material-icons\">today<\/i>12. Mai 2025<\/span>\t\t\t\t<span><i class=\"reakticons-eye\"><\/i>55<\/span><span><\/span><span>\t\t<a data-ttgreaktions-lovelink class=\"proradio_reaktions-link \" data-post_id=\"8676\" href=\"#\">\n\t        <span class=\"qtli\"><i class=\"reakticons-heart\"><\/i><\/span><span class=\"qtli count\"><\/span>\n\t    <\/a>\n\t\t<\/span><span>\t\t<a data-ttgreaktions-shareboxfull=\"{&quot;id&quot;:&quot;8676&quot;,&quot;shared&quot;:&quot;https:\\\/\\\/www.radio-geretsried.de\\\/index.php\\\/2025\\\/05\\\/12\\\/die-dummfrage-des-wochenendes\\\/&quot;,&quot;title&quot;:&quot;Die Dummfrage des Wochenendes!&quot;,&quot;finalUrl&quot;:&quot;https:\\\/\\\/www.radio-geretsried.de\\\/index.php\\\/2025\\\/05\\\/12\\\/die-dummfrage-des-wochenendes\\\/?id=8676&amp;reaktions-share-fullpage=8676&amp;noajax=1&amp;label=Teilen&amp;btnclass=proradio-btn proradio-btn__r&amp;secure=6fcfc47ec7&quot;}\" href=\"#nojax\" class=\"proradio_reaktions-link \">\n\t\t\t<span class=\"qtli\"><i class=\"reakticons-share\"><\/i><\/span><span class=\"count\">2<\/span>\n\t\t<\/a>\n\t\t<\/span>\t\t\t<\/p>\n\t\t<\/div>\n\t<\/div>\n<\/article>\t\t\t\t\t\t<\/div>\n\t\t\t\t\t\t\t\t\t\t\t\t<div class=\"proradio-col proradio-col__post proradio-s12 proradio-m6 proradio-l6\">\n\t\t\t\t\t\t\t<article class=\"proradio-post proradio-post__card proradio-darkbg proradio-negative post-8630 post type-post status-publish format-standard has-post-thumbnail hentry category-nachrichten\" data-qtwaypoints>\n\t<div class=\"proradio-bgimg proradio-bgimg--full proradio-duotone\">\n\t\t<img loading=\"lazy\" decoding=\"async\" width=\"370\" height=\"480\" src=\"https:\/\/www.radio-geretsried.de\/wp-content\/uploads\/2024\/11\/image00004-370x480.jpeg\" class=\"proradio-post__thumb wp-post-image\" alt=\"\" \/>\t<\/div>\n\t<div class=\"proradio-post__headercont\">\n\t\t<a class=\"proradio-post__header__link\" href=\"https:\/\/www.radio-geretsried.de\/index.php\/2024\/11\/25\/geretsried-ergebnis-buergerentscheid\/\"><\/a>\n\t\t<div class=\"proradio-actions__cont\">\n\t<div class=\"proradio-actions\">\n\t\t\t\n\t\t\t\t<a href=\"https:\/\/www.radio-geretsried.de\/index.php\/2024\/11\/25\/geretsried-ergebnis-buergerentscheid\/\" class=\"proradio-actionicon\"><i class=\"material-icons\">insert_link<\/i><\/a>\n\t\t\t\n\n\t\t\t\t<span class=\"proradio-actions__a1\">\t\t<a data-ttgreaktions-shareboxfull=\"{&quot;id&quot;:&quot;8630&quot;,&quot;shared&quot;:&quot;https:\\\/\\\/www.radio-geretsried.de\\\/index.php\\\/2024\\\/11\\\/25\\\/geretsried-ergebnis-buergerentscheid\\\/&quot;,&quot;title&quot;:&quot;Geretsried: Ergebnis B\\u00fcrgerentscheid&quot;,&quot;finalUrl&quot;:&quot;https:\\\/\\\/www.radio-geretsried.de\\\/index.php\\\/2024\\\/11\\\/25\\\/geretsried-ergebnis-buergerentscheid\\\/?id=8630&amp;reaktions-share-fullpage=8630&amp;noajax=1&amp;label=Teilen&amp;btnclass=proradio-btn  proradio-btn__r&amp;secure=6fcfc47ec7&quot;}\" href=\"#nojax\" class=\"proradio_reaktions-link \">\n\t\t\t<span class=\"qtli\"><i class=\"reakticons-share\"><\/i><\/span><span class=\"count\"><\/span>\n\t\t<\/a>\n\t\t<\/span>\n\t\t\n\n\t\t\t\t<span class=\"proradio-actions__a2\">\t\t<a data-ttgreaktions-lovelink class=\"proradio_reaktions-link \" data-post_id=\"8630\" href=\"#\">\n\t        <span class=\"qtli\"><i class=\"reakticons-heart\"><\/i><\/span><span class=\"qtli count\">1<\/span>\n\t    <\/a>\n\t\t<\/span>\n\t\t\t<\/div>\n<\/div>\n\n\n\t\t<div class=\"proradio-post__card__cap\">\n\t\t\t<p class=\"proradio-cats\">\n\t<a href=\"https:\/\/www.radio-geretsried.de\/index.php\/category\/nachrichten\/\" class=\"proradio-catid-59\">Nachrichten<\/a><\/p>\t\t\t<h3 class=\"proradio-post__title proradio-h4 proradio-cutme-t-4\"><a href=\"https:\/\/www.radio-geretsried.de\/index.php\/2024\/11\/25\/geretsried-ergebnis-buergerentscheid\/\">Geretsried: Ergebnis B\u00fcrgerentscheid<\/a><\/h3>\n\t\t\t<p class=\"proradio-meta proradio-small\">\n\t\t\t\t<span class=\"proradio-date\"><i class=\"material-icons\">today<\/i>25. November 2024<\/span>\t\t\t\t<span><i class=\"reakticons-eye\"><\/i>114<\/span><span><\/span><span>\t\t<a data-ttgreaktions-lovelink class=\"proradio_reaktions-link \" data-post_id=\"8630\" href=\"#\">\n\t        <span class=\"qtli\"><i class=\"reakticons-heart\"><\/i><\/span><span class=\"qtli count\">1<\/span>\n\t    <\/a>\n\t\t<\/span><span>\t\t<a data-ttgreaktions-shareboxfull=\"{&quot;id&quot;:&quot;8630&quot;,&quot;shared&quot;:&quot;https:\\\/\\\/www.radio-geretsried.de\\\/index.php\\\/2024\\\/11\\\/25\\\/geretsried-ergebnis-buergerentscheid\\\/&quot;,&quot;title&quot;:&quot;Geretsried: Ergebnis B\\u00fcrgerentscheid&quot;,&quot;finalUrl&quot;:&quot;https:\\\/\\\/www.radio-geretsried.de\\\/index.php\\\/2024\\\/11\\\/25\\\/geretsried-ergebnis-buergerentscheid\\\/?id=8630&amp;reaktions-share-fullpage=8630&amp;noajax=1&amp;label=Teilen&amp;btnclass=proradio-btn proradio-btn__r&amp;secure=6fcfc47ec7&quot;}\" href=\"#nojax\" class=\"proradio_reaktions-link \">\n\t\t\t<span class=\"qtli\"><i class=\"reakticons-share\"><\/i><\/span><span class=\"count\"><\/span>\n\t\t<\/a>\n\t\t<\/span>\t\t\t<\/p>\n\t\t<\/div>\n\t<\/div>\n<\/article>\t\t\t\t\t\t<\/div>\n\t\t\t\t\t\t\t\t\t\t<\/div>\n\t\t\t<\/div>\n\t\t\t\t\t\t\t<\/div>\n\t\t\t\t<\/div>\n\t\t\t\t\t<\/div>\n\t\t<\/div>\n\t\t\t\t\t<\/div>\n\t\t<\/section>\n\t\t\t\t<section class=\"elementor-section elementor-top-section elementor-element elementor-element-fefe432 elementor-section-boxed elementor-section-height-default elementor-section-height-default\" data-id=\"fefe432\" data-element_type=\"section\" data-e-type=\"section\">\n\t\t\t\t\t\t<div class=\"elementor-container elementor-column-gap-custom\">\n\t\t\t\t\t<div class=\"elementor-column elementor-col-50 elementor-top-column elementor-element elementor-element-8f66b2c\" data-id=\"8f66b2c\" data-element_type=\"column\" data-e-type=\"column\">\n\t\t\t<div class=\"elementor-widget-wrap elementor-element-populated\">\n\t\t\t\t\t\t<div class=\"elementor-element elementor-element-b8e7dd8 elementor-widget elementor-widget-proradio-elementor-qt-caption\" data-id=\"b8e7dd8\" data-element_type=\"widget\" data-e-type=\"widget\" data-widget_type=\"proradio-elementor-qt-caption.default\">\n\t\t\t\t<div class=\"elementor-widget-container\">\n\t\t\t\t\t\t\t<div>\n\t\t\t<h3  class=\"proradio-element-caption proradio-caption  proradio-caption__m proradio-anim  \" data-qtwaypoints-offset=\"30\" data-qtwaypoints>\t\t\t\t<span>MEDIA NEWS<\/span>\n\t\t\t\t<\/h3>\t\t<\/div>\n\t\t\t\t\t\t<\/div>\n\t\t\t\t<\/div>\n\t\t\t\t\t<\/div>\n\t\t<\/div>\n\t\t\t\t<div class=\"elementor-column elementor-col-50 elementor-top-column elementor-element elementor-element-dde1248\" data-id=\"dde1248\" data-element_type=\"column\" data-e-type=\"column\">\n\t\t\t<div class=\"elementor-widget-wrap elementor-element-populated\">\n\t\t\t\t\t\t<div class=\"elementor-element elementor-element-61016d3 elementor-widget elementor-widget-proradio-elementor-qt-caption\" data-id=\"61016d3\" data-element_type=\"widget\" data-e-type=\"widget\" data-widget_type=\"proradio-elementor-qt-caption.default\">\n\t\t\t\t<div class=\"elementor-widget-container\">\n\t\t\t\t\t\t\t<div>\n\t\t\t<h3  class=\"proradio-element-caption proradio-caption  proradio-caption__m proradio-anim  \" data-qtwaypoints-offset=\"30\" data-qtwaypoints>\t\t\t\t<span>ECONOMICS<\/span>\n\t\t\t\t<\/h3>\t\t<\/div>\n\t\t\t\t\t\t<\/div>\n\t\t\t\t<\/div>\n\t\t\t\t\t<\/div>\n\t\t<\/div>\n\t\t\t\t\t<\/div>\n\t\t<\/section>\n\t\t\t\t<section class=\"elementor-section elementor-inner-section elementor-element elementor-element-4eac196a elementor-section-boxed elementor-section-height-default elementor-section-height-default\" data-id=\"4eac196a\" data-element_type=\"section\" data-e-type=\"section\" data-settings=\"{&quot;background_background&quot;:&quot;classic&quot;}\">\n\t\t\t\t\t\t<div class=\"elementor-container elementor-column-gap-default\">\n\t\t\t\t\t<div class=\"elementor-column elementor-col-50 elementor-inner-column elementor-element elementor-element-140cd848\" data-id=\"140cd848\" data-element_type=\"column\" data-e-type=\"column\" data-settings=\"{&quot;background_background&quot;:&quot;classic&quot;}\">\n\t\t\t<div class=\"elementor-widget-wrap elementor-element-populated\">\n\t\t\t\t\t\t<div class=\"elementor-element elementor-element-7f9611a4 elementor-widget__width-initial elementor-widget-mobile__width-inherit elementor-widget elementor-widget-heading\" data-id=\"7f9611a4\" data-element_type=\"widget\" data-e-type=\"widget\" data-widget_type=\"heading.default\">\n\t\t\t\t<div class=\"elementor-widget-container\">\n\t\t\t\t\t<h5 class=\"elementor-heading-title elementor-size-default\">RADIO SHOWS<\/h5>\t\t\t\t<\/div>\n\t\t\t\t<\/div>\n\t\t\t\t<div class=\"elementor-element elementor-element-41f2eecf elementor-widget elementor-widget-heading\" data-id=\"41f2eecf\" data-element_type=\"widget\" data-e-type=\"widget\" data-widget_type=\"heading.default\">\n\t\t\t\t<div class=\"elementor-widget-container\">\n\t\t\t\t\t<h2 class=\"elementor-heading-title elementor-size-default\">CHECK OUR<br>SCHEDULE<\/h2>\t\t\t\t<\/div>\n\t\t\t\t<\/div>\n\t\t\t\t<div class=\"elementor-element elementor-element-214d28d elementor-widget elementor-widget-proradio-elementor-button\" data-id=\"214d28d\" data-element_type=\"widget\" data-e-type=\"widget\" data-widget_type=\"proradio-elementor-button.default\">\n\t\t\t\t<div class=\"elementor-widget-container\">\n\t\t\t\t\t<a href=\"https:\/\/demo.pro.radio\/wp4\/shows-schedule\/\"   \t\t\t\t\t\t\t\tclass=\"proradio-btn proradio-btn-primary   \">\t\t\t\t\t<i class=\" \"><\/i>\n\t\t\t\t\t<span>SCHEDULE<\/span><\/a>\t\t\t\t<\/div>\n\t\t\t\t<\/div>\n\t\t\t\t\t<\/div>\n\t\t<\/div>\n\t\t\t\t<div class=\"elementor-column elementor-col-50 elementor-inner-column elementor-element elementor-element-6ead71ed\" data-id=\"6ead71ed\" data-element_type=\"column\" data-e-type=\"column\" data-settings=\"{&quot;background_background&quot;:&quot;classic&quot;}\">\n\t\t\t<div class=\"elementor-widget-wrap elementor-element-populated\">\n\t\t\t\t\t\t<div class=\"elementor-element elementor-element-71d71230 elementor-widget elementor-widget-heading\" data-id=\"71d71230\" data-element_type=\"widget\" data-e-type=\"widget\" data-widget_type=\"heading.default\">\n\t\t\t\t<div class=\"elementor-widget-container\">\n\t\t\t\t\t<h4 class=\"elementor-heading-title elementor-size-default\">Send A Message<\/h4>\t\t\t\t<\/div>\n\t\t\t\t<\/div>\n\t\t\t\t<div class=\"elementor-element elementor-element-d021b7 elementor-widget elementor-widget-text-editor\" data-id=\"d021b7\" data-element_type=\"widget\" data-e-type=\"widget\" data-widget_type=\"text-editor.default\">\n\t\t\t\t<div class=\"elementor-widget-container\">\n\t\t\t\t\t\t\t\t\t<p>Interact with the shows, send us your message, questions and information: our radio is live and alive! Feel free to use your favorite channel: phone, mail or messenger.<\/p>\t\t\t\t\t\t\t\t<\/div>\n\t\t\t\t<\/div>\n\t\t\t\t<div class=\"elementor-element elementor-element-17ff182d elementor-widget elementor-widget-proradio-elementor-button\" data-id=\"17ff182d\" data-element_type=\"widget\" data-e-type=\"widget\" data-widget_type=\"proradio-elementor-button.default\">\n\t\t\t\t<div class=\"elementor-widget-container\">\n\t\t\t\t\t<a href=\"https:\/\/demo.pro.radio\/wp4\/contacts\/\"   \t\t\t\t\t\t\t\tclass=\"proradio-btn proradio-btn__white   \">\t\t\t\t\t<i class=\" \"><\/i>\n\t\t\t\t\t<span>CONTACT US<\/span><\/a>\t\t\t\t<\/div>\n\t\t\t\t<\/div>\n\t\t\t\t\t<\/div>\n\t\t<\/div>\n\t\t\t\t\t<\/div>\n\t\t<\/section>\n\t\t\t\t<section class=\"elementor-section elementor-top-section elementor-element elementor-element-76b0ddb elementor-section-boxed elementor-section-height-default elementor-section-height-default\" data-id=\"76b0ddb\" data-element_type=\"section\" data-e-type=\"section\">\n\t\t\t\t\t\t<div class=\"elementor-container elementor-column-gap-default\">\n\t\t\t\t\t<div class=\"elementor-column elementor-col-100 elementor-top-column elementor-element elementor-element-cea2b03\" data-id=\"cea2b03\" data-element_type=\"column\" data-e-type=\"column\">\n\t\t\t<div class=\"elementor-widget-wrap elementor-element-populated\">\n\t\t\t\t\t\t<div class=\"elementor-element elementor-element-87c519c elementor-widget elementor-widget-proradio-elementor-qt-caption\" data-id=\"87c519c\" data-element_type=\"widget\" data-e-type=\"widget\" data-widget_type=\"proradio-elementor-qt-caption.default\">\n\t\t\t\t<div class=\"elementor-widget-container\">\n\t\t\t\t\t\t\t<div>\n\t\t\t<h3  class=\"proradio-element-caption proradio-caption  proradio-caption__m proradio-anim  \" data-qtwaypoints-offset=\"30\" data-qtwaypoints>\t\t\t\t<span>UPCOMING SHOWS<\/span>\n\t\t\t\t<\/h3>\t\t<\/div>\n\t\t\t\t\t\t<\/div>\n\t\t\t\t<\/div>\n\t\t\t\t<div class=\"elementor-element elementor-element-ebc2b70 elementor-widget elementor-widget-proradio-elementor-upcoming-shows-carousel\" data-id=\"ebc2b70\" data-element_type=\"widget\" data-e-type=\"widget\" data-widget_type=\"proradio-elementor-upcoming-shows-carousel.default\">\n\t\t\t\t<div class=\"elementor-widget-container\">\n\t\t\t\t\t\t\t<div id=\"proradio-upcomingcarousel-ad8b391edf3688801c75aa4cc73acd0a\" class=\"proradio-owl-carousel-container\" data-proradio-autorefresh>\n\t\t\t<div id=\"proradio-upcomingcarousel-c-ad8b391edf3688801c75aa4cc73acd0a\" class=\"proradio-owl-carousel owl-carousel owl-theme proradio-owl-theme\" \n\t\t\t\tdata-items=\"2\"  data-items_tablet=\"2\" data-items_mobile=\"1\"\tdata-items_mobile_hori=\"2\" data-gap=\"15\"data-pause_on_hover=\"true\" data-loop=\"\" data-center=\"\" data-stage_padding=\"0\" data-nav=\"true\" data-dots=\"true\" data-autoplay_timeout=\"4000\" data-amount=\"2\">\n\t\t\t\t\t\t\t\t\t\t\t\t\t\t\t<div class=\"proradio-item\">\n\t\t\t\t\t\t\t\t\t\t\t\t<div class=\"proradio-itemcontainer\">\n\t\t\t\t\t\t\t\t\t\t\t\t\t<article class=\"proradio-post proradio-post__card proradio-post__card--shows proradio-darkbg proradio-negative post-1813 shows type-shows status-publish has-post-thumbnail hentry genre-magazinsendung\" data-qtwaypoints>\n\t<div class=\"proradio-bgimg proradio-bgimg--full proradio-duotone\">\n\t\t<img loading=\"lazy\" decoding=\"async\" width=\"770\" height=\"433\" src=\"https:\/\/www.radio-geretsried.de\/wp-content\/uploads\/2022\/07\/Der-Feierabend-770x433.jpg\" class=\"proradio-post__thumb wp-post-image\" alt=\"\" srcset=\"https:\/\/www.radio-geretsried.de\/wp-content\/uploads\/2022\/07\/Der-Feierabend-770x433.jpg 770w, https:\/\/www.radio-geretsried.de\/wp-content\/uploads\/2022\/07\/Der-Feierabend-1170x658.jpg 1170w, https:\/\/www.radio-geretsried.de\/wp-content\/uploads\/2022\/07\/Der-Feierabend-768x432.jpg 768w, https:\/\/www.radio-geretsried.de\/wp-content\/uploads\/2022\/07\/Der-Feierabend-1536x864.jpg 1536w, https:\/\/www.radio-geretsried.de\/wp-content\/uploads\/2022\/07\/Der-Feierabend.jpg 1700w\" sizes=\"(max-width: 770px) 100vw, 770px\" \/>\t<\/div>\n\t<div class=\"proradio-post__headercont\">\n\t\t\t\t\t<h5 class=\"proradio-tag-nowplaying proradio-element-caption proradio-caption proradio-caption--neg proradio-caption__s center proradio-center proradio-caption__c\" data-qtwaypoints-offset=\"30\" data-qtwaypoints=\"\"><span>L\u00e4uft gerade<\/span><\/h5>\t\t<a class=\"proradio-post__header__link\" href=\"https:\/\/www.radio-geretsried.de\/index.php\/shows\/der-feierabend\/\"><\/a>\n\t\t<div class=\"proradio-post__card__cap\">\n\t\t\t<p class=\"proradio-cats\">\n\t\t\t\t<a href=\"https:\/\/www.radio-geretsried.de\/index.php\/showgenre\/magazinsendung\/\" class=\"proradio-catid-56\">Magazinsendung<\/a>\t\t\t<\/p>\n\t\t\t<h3 class=\"proradio-post__title proradio-cutme-t-2 proradio-h4\"><a href=\"https:\/\/www.radio-geretsried.de\/index.php\/shows\/der-feierabend\/\">Der Feierabend<\/a><\/h3>\n\t\t\t\t\t\t\t<p class=\"proradio-itemmetas\">\n\t\t\t\t\t18:00 - 20:00\t\t\t\t<\/p>\n\t\t\t\t\t\t<\/div>\n\t\t\t<\/div>\n\t<\/article>\t\t\t\t\t\t\t\t\t\t\t\t<\/div>\n\t\t\t\t\t\t\t\t\t\t\t<\/div>\n\t\t\t\t\t\t\t\t\t\t\t\t\t\t\t\t\t\t\t\t\t\t<div class=\"proradio-item\">\n\t\t\t\t\t\t\t\t\t\t\t\t<div class=\"proradio-itemcontainer\">\n\t\t\t\t\t\t\t\t\t\t\t\t\t<article class=\"proradio-post proradio-post__card proradio-post__card--shows proradio-darkbg proradio-negative post-7814 shows type-shows status-publish has-post-thumbnail hentry genre-eigene-sendung genre-livesendung genre-magazinsendung\" data-qtwaypoints>\n\t<div class=\"proradio-bgimg proradio-bgimg--full proradio-duotone\">\n\t\t<img loading=\"lazy\" decoding=\"async\" width=\"200\" height=\"200\" src=\"https:\/\/www.radio-geretsried.de\/wp-content\/uploads\/2026\/04\/DJ-Patrick.png\" class=\"proradio-post__thumb wp-post-image\" alt=\"\" srcset=\"https:\/\/www.radio-geretsried.de\/wp-content\/uploads\/2026\/04\/DJ-Patrick.png 200w, https:\/\/www.radio-geretsried.de\/wp-content\/uploads\/2026\/04\/DJ-Patrick-150x150.png 150w, https:\/\/www.radio-geretsried.de\/wp-content\/uploads\/2026\/04\/DJ-Patrick-100x100.png 100w\" sizes=\"(max-width: 200px) 100vw, 200px\" \/>\t<\/div>\n\t<div class=\"proradio-post__headercont\">\n\t\t\t\t<a class=\"proradio-post__header__link\" href=\"https:\/\/www.radio-geretsried.de\/index.php\/shows\/dj-patrick-dj-joschi-i-live\/\"><\/a>\n\t\t<div class=\"proradio-post__card__cap\">\n\t\t\t<p class=\"proradio-cats\">\n\t\t\t\t<a href=\"https:\/\/www.radio-geretsried.de\/index.php\/showgenre\/eigene-sendung\/\" class=\"proradio-catid-58\">Eigene Sendung<\/a>\t\t\t<\/p>\n\t\t\t<h3 class=\"proradio-post__title proradio-cutme-t-2 proradio-h4\"><a href=\"https:\/\/www.radio-geretsried.de\/index.php\/shows\/dj-patrick-dj-joschi-i-live\/\">DJ Patrick I Live<\/a><\/h3>\n\t\t\t\t\t\t\t<p class=\"proradio-itemmetas\">\n\t\t\t\t\t20:00 - 00:00\t\t\t\t<\/p>\n\t\t\t\t\t\t<\/div>\n\t\t\t<\/div>\n\t<\/article>\t\t\t\t\t\t\t\t\t\t\t\t<\/div>\n\t\t\t\t\t\t\t\t\t\t\t<\/div>\n\t\t\t\t\t\t\t\t\t\t\t\t\t\t\t\t\t\t\t\t\t\t<div class=\"proradio-item\">\n\t\t\t\t\t\t\t\t\t\t\t\t<div class=\"proradio-itemcontainer\">\n\t\t\t\t\t\t\t\t\t\t\t\t\t<article class=\"proradio-post proradio-post__card proradio-post__card--shows proradio-darkbg proradio-negative post-1820 shows type-shows status-publish has-post-thumbnail hentry genre-magazinsendung\" data-qtwaypoints>\n\t<div class=\"proradio-bgimg proradio-bgimg--full proradio-duotone\">\n\t\t<img loading=\"lazy\" decoding=\"async\" width=\"770\" height=\"433\" src=\"https:\/\/www.radio-geretsried.de\/wp-content\/uploads\/2022\/07\/Die-Nacht-770x433.jpg\" class=\"proradio-post__thumb wp-post-image\" alt=\"\" srcset=\"https:\/\/www.radio-geretsried.de\/wp-content\/uploads\/2022\/07\/Die-Nacht-770x433.jpg 770w, https:\/\/www.radio-geretsried.de\/wp-content\/uploads\/2022\/07\/Die-Nacht-1170x658.jpg 1170w, https:\/\/www.radio-geretsried.de\/wp-content\/uploads\/2022\/07\/Die-Nacht-768x432.jpg 768w, https:\/\/www.radio-geretsried.de\/wp-content\/uploads\/2022\/07\/Die-Nacht-1536x864.jpg 1536w, https:\/\/www.radio-geretsried.de\/wp-content\/uploads\/2022\/07\/Die-Nacht.jpg 1700w\" sizes=\"(max-width: 770px) 100vw, 770px\" \/>\t<\/div>\n\t<div class=\"proradio-post__headercont\">\n\t\t\t\t<a class=\"proradio-post__header__link\" href=\"https:\/\/www.radio-geretsried.de\/index.php\/shows\/die-nacht\/\"><\/a>\n\t\t<div class=\"proradio-post__card__cap\">\n\t\t\t<p class=\"proradio-cats\">\n\t\t\t\t<a href=\"https:\/\/www.radio-geretsried.de\/index.php\/showgenre\/magazinsendung\/\" class=\"proradio-catid-56\">Magazinsendung<\/a>\t\t\t<\/p>\n\t\t\t<h3 class=\"proradio-post__title proradio-cutme-t-2 proradio-h4\"><a href=\"https:\/\/www.radio-geretsried.de\/index.php\/shows\/die-nacht\/\">Die Nacht<\/a><\/h3>\n\t\t\t\t\t\t\t<p class=\"proradio-itemmetas\">\n\t\t\t\t\t00:00 - 07:00\t\t\t\t<\/p>\n\t\t\t\t\t\t<\/div>\n\t\t\t\t<i class='material-icons proradio-post__switchcontent' data-proradio-activates=\"gparent\">more_vert<\/i>\n\t\t\t<\/div>\n\t\t\t<div class=\"proradio-post__headercont--ex proradio-paper\">\n\t\t\t<h4><a href=\"https:\/\/www.radio-geretsried.de\/index.php\/shows\/die-nacht\/\">Die Nacht<\/a><\/h4>\n\t\t\t\t\t\t\t<h6 class=\"proradio-cutme-t\">\n\t\t\t\t\tMontag bis Freitag - von Mitternacht bis 6 Uhr\t\t\t\t<\/h6>\n\t\t\t\t\t\t\t<p>Curabitur id lacus felis. Sed justo mauris, auctor eget tellus nec, pellentesque varius mauris. Sed eu congue nulla, et tincidunt justo. Aliquam semper faucibus odio id varius. Suspendisse varius laoreet sodales.<\/p>\n\t\t\t<i class='material-icons proradio-post__switchcontent' data-proradio-activates=\"gparent\">close<\/i>\n\t\t<\/div>\n\t\t<\/article>\t\t\t\t\t\t\t\t\t\t\t\t<\/div>\n\t\t\t\t\t\t\t\t\t\t\t<\/div>\n\t\t\t\t\t\t\t\t\t\t\t\t\t\t\t\t\t\t\t\t\t\t<div class=\"proradio-item\">\n\t\t\t\t\t\t\t\t\t\t\t\t<div class=\"proradio-itemcontainer\">\n\t\t\t\t\t\t\t\t\t\t\t\t\t<article class=\"proradio-post proradio-post__card proradio-post__card--shows proradio-darkbg proradio-negative post-7023 shows type-shows status-publish has-post-thumbnail hentry genre-eigene-sendung\" data-qtwaypoints>\n\t<div class=\"proradio-bgimg proradio-bgimg--full proradio-duotone\">\n\t\t<img loading=\"lazy\" decoding=\"async\" width=\"770\" height=\"595\" src=\"https:\/\/www.radio-geretsried.de\/wp-content\/uploads\/2022\/07\/marcus-gogga-770x595.png\" class=\"proradio-post__thumb wp-post-image\" alt=\"\" srcset=\"https:\/\/www.radio-geretsried.de\/wp-content\/uploads\/2022\/07\/marcus-gogga-770x595.png 770w, https:\/\/www.radio-geretsried.de\/wp-content\/uploads\/2022\/07\/marcus-gogga-1170x904.png 1170w, https:\/\/www.radio-geretsried.de\/wp-content\/uploads\/2022\/07\/marcus-gogga-768x593.png 768w, https:\/\/www.radio-geretsried.de\/wp-content\/uploads\/2022\/07\/marcus-gogga.png 1500w\" sizes=\"(max-width: 770px) 100vw, 770px\" \/>\t<\/div>\n\t<div class=\"proradio-post__headercont\">\n\t\t\t\t<a class=\"proradio-post__header__link\" href=\"https:\/\/www.radio-geretsried.de\/index.php\/shows\/dein-wirklich-wunderbares-wochenende\/\"><\/a>\n\t\t<div class=\"proradio-post__card__cap\">\n\t\t\t<p class=\"proradio-cats\">\n\t\t\t\t<a href=\"https:\/\/www.radio-geretsried.de\/index.php\/showgenre\/eigene-sendung\/\" class=\"proradio-catid-58\">Eigene Sendung<\/a>\t\t\t<\/p>\n\t\t\t<h3 class=\"proradio-post__title proradio-cutme-t-2 proradio-h4\"><a href=\"https:\/\/www.radio-geretsried.de\/index.php\/shows\/dein-wirklich-wunderbares-wochenende\/\">Dein wirklich wunderbares Wochenende<\/a><\/h3>\n\t\t\t\t\t\t\t<p class=\"proradio-itemmetas\">\n\t\t\t\t\t07:00 - 13:00\t\t\t\t<\/p>\n\t\t\t\t\t\t<\/div>\n\t\t\t<\/div>\n\t<\/article>\t\t\t\t\t\t\t\t\t\t\t\t<\/div>\n\t\t\t\t\t\t\t\t\t\t\t<\/div>\n\t\t\t\t\t\t\t\t\t\t\t\t\t\t\t\t\t\t\t\t\t\t<div class=\"proradio-item\">\n\t\t\t\t\t\t\t\t\t\t\t\t<div class=\"proradio-itemcontainer\">\n\t\t\t\t\t\t\t\t\t\t\t\t\t<article class=\"proradio-post proradio-post__card proradio-post__card--shows proradio-darkbg proradio-negative post-7019 shows type-shows status-publish has-post-thumbnail hentry genre-magazinsendung\" data-qtwaypoints>\n\t<div class=\"proradio-bgimg proradio-bgimg--full proradio-duotone\">\n\t\t<img loading=\"lazy\" decoding=\"async\" width=\"770\" height=\"433\" src=\"https:\/\/www.radio-geretsried.de\/wp-content\/uploads\/2022\/07\/Der-Samstag-770x433.jpg\" class=\"proradio-post__thumb wp-post-image\" alt=\"\" srcset=\"https:\/\/www.radio-geretsried.de\/wp-content\/uploads\/2022\/07\/Der-Samstag-770x433.jpg 770w, https:\/\/www.radio-geretsried.de\/wp-content\/uploads\/2022\/07\/Der-Samstag-1170x658.jpg 1170w, https:\/\/www.radio-geretsried.de\/wp-content\/uploads\/2022\/07\/Der-Samstag-768x432.jpg 768w, https:\/\/www.radio-geretsried.de\/wp-content\/uploads\/2022\/07\/Der-Samstag-1536x864.jpg 1536w, https:\/\/www.radio-geretsried.de\/wp-content\/uploads\/2022\/07\/Der-Samstag.jpg 1700w\" sizes=\"(max-width: 770px) 100vw, 770px\" \/>\t<\/div>\n\t<div class=\"proradio-post__headercont\">\n\t\t\t\t<a class=\"proradio-post__header__link\" href=\"https:\/\/www.radio-geretsried.de\/index.php\/shows\/der-samstag\/\"><\/a>\n\t\t<div class=\"proradio-post__card__cap\">\n\t\t\t<p class=\"proradio-cats\">\n\t\t\t\t<a href=\"https:\/\/www.radio-geretsried.de\/index.php\/showgenre\/magazinsendung\/\" class=\"proradio-catid-56\">Magazinsendung<\/a>\t\t\t<\/p>\n\t\t\t<h3 class=\"proradio-post__title proradio-cutme-t-2 proradio-h4\"><a href=\"https:\/\/www.radio-geretsried.de\/index.php\/shows\/der-samstag\/\">Der Samstag<\/a><\/h3>\n\t\t\t\t\t\t\t<p class=\"proradio-itemmetas\">\n\t\t\t\t\t13:00 - 16:00\t\t\t\t<\/p>\n\t\t\t\t\t\t<\/div>\n\t\t\t<\/div>\n\t<\/article>\t\t\t\t\t\t\t\t\t\t\t\t<\/div>\n\t\t\t\t\t\t\t\t\t\t\t<\/div>\n\t\t\t\t\t\t\t\t\t\t\t\t\t\t\t\t\t\t\t\t\t\t<div class=\"proradio-item\">\n\t\t\t\t\t\t\t\t\t\t\t\t<div class=\"proradio-itemcontainer\">\n\t\t\t\t\t\t\t\t\t\t\t\t\t<article class=\"proradio-post proradio-post__card proradio-post__card--shows proradio-darkbg proradio-negative post-7269 shows type-shows status-publish has-post-thumbnail hentry genre-eigene-sendung genre-livesendung genre-magazinsendung\" data-qtwaypoints>\n\t<div class=\"proradio-bgimg proradio-bgimg--full proradio-duotone\">\n\t\t<img loading=\"lazy\" decoding=\"async\" width=\"770\" height=\"433\" src=\"https:\/\/www.radio-geretsried.de\/wp-content\/uploads\/2022\/07\/TwentyTenRadio-770x433.jpg\" class=\"proradio-post__thumb wp-post-image\" alt=\"\" srcset=\"https:\/\/www.radio-geretsried.de\/wp-content\/uploads\/2022\/07\/TwentyTenRadio-770x433.jpg 770w, https:\/\/www.radio-geretsried.de\/wp-content\/uploads\/2022\/07\/TwentyTenRadio-1170x658.jpg 1170w, https:\/\/www.radio-geretsried.de\/wp-content\/uploads\/2022\/07\/TwentyTenRadio-768x432.jpg 768w, https:\/\/www.radio-geretsried.de\/wp-content\/uploads\/2022\/07\/TwentyTenRadio-1536x864.jpg 1536w, https:\/\/www.radio-geretsried.de\/wp-content\/uploads\/2022\/07\/TwentyTenRadio.jpg 1700w\" sizes=\"(max-width: 770px) 100vw, 770px\" \/>\t<\/div>\n\t<div class=\"proradio-post__headercont\">\n\t\t\t\t<a class=\"proradio-post__header__link\" href=\"https:\/\/www.radio-geretsried.de\/index.php\/shows\/twentyten-radioshow\/\"><\/a>\n\t\t<div class=\"proradio-post__card__cap\">\n\t\t\t<p class=\"proradio-cats\">\n\t\t\t\t<a href=\"https:\/\/www.radio-geretsried.de\/index.php\/showgenre\/eigene-sendung\/\" class=\"proradio-catid-58\">Eigene Sendung<\/a>\t\t\t<\/p>\n\t\t\t<h3 class=\"proradio-post__title proradio-cutme-t-2 proradio-h4\"><a href=\"https:\/\/www.radio-geretsried.de\/index.php\/shows\/twentyten-radioshow\/\">TwentyTen Radioshow<\/a><\/h3>\n\t\t\t\t\t\t\t<p class=\"proradio-itemmetas\">\n\t\t\t\t\t16:00 - 20:00\t\t\t\t<\/p>\n\t\t\t\t\t\t<\/div>\n\t\t\t<\/div>\n\t<\/article>\t\t\t\t\t\t\t\t\t\t\t\t<\/div>\n\t\t\t\t\t\t\t\t\t\t\t<\/div>\n\t\t\t\t\t\t\t\t\t\t\t\t\t\t\t\t\t\t\t\t\t\t<div class=\"proradio-item\">\n\t\t\t\t\t\t\t\t\t\t\t\t<div class=\"proradio-itemcontainer\">\n\t\t\t\t\t\t\t\t\t\t\t\t\t<article class=\"proradio-post proradio-post__card proradio-post__card--shows proradio-darkbg proradio-negative post-7814 shows type-shows status-publish has-post-thumbnail hentry genre-eigene-sendung genre-livesendung genre-magazinsendung\" data-qtwaypoints>\n\t<div class=\"proradio-bgimg proradio-bgimg--full proradio-duotone\">\n\t\t<img loading=\"lazy\" decoding=\"async\" width=\"200\" height=\"200\" src=\"https:\/\/www.radio-geretsried.de\/wp-content\/uploads\/2026\/04\/DJ-Patrick.png\" class=\"proradio-post__thumb wp-post-image\" alt=\"\" srcset=\"https:\/\/www.radio-geretsried.de\/wp-content\/uploads\/2026\/04\/DJ-Patrick.png 200w, https:\/\/www.radio-geretsried.de\/wp-content\/uploads\/2026\/04\/DJ-Patrick-150x150.png 150w, https:\/\/www.radio-geretsried.de\/wp-content\/uploads\/2026\/04\/DJ-Patrick-100x100.png 100w\" sizes=\"(max-width: 200px) 100vw, 200px\" \/>\t<\/div>\n\t<div class=\"proradio-post__headercont\">\n\t\t\t\t<a class=\"proradio-post__header__link\" href=\"https:\/\/www.radio-geretsried.de\/index.php\/shows\/dj-patrick-dj-joschi-i-live\/\"><\/a>\n\t\t<div class=\"proradio-post__card__cap\">\n\t\t\t<p class=\"proradio-cats\">\n\t\t\t\t<a href=\"https:\/\/www.radio-geretsried.de\/index.php\/showgenre\/eigene-sendung\/\" class=\"proradio-catid-58\">Eigene Sendung<\/a>\t\t\t<\/p>\n\t\t\t<h3 class=\"proradio-post__title proradio-cutme-t-2 proradio-h4\"><a href=\"https:\/\/www.radio-geretsried.de\/index.php\/shows\/dj-patrick-dj-joschi-i-live\/\">DJ Patrick I Live<\/a><\/h3>\n\t\t\t\t\t\t\t<p class=\"proradio-itemmetas\">\n\t\t\t\t\t20:00 - 00:00\t\t\t\t<\/p>\n\t\t\t\t\t\t<\/div>\n\t\t\t<\/div>\n\t<\/article>\t\t\t\t\t\t\t\t\t\t\t\t<\/div>\n\t\t\t\t\t\t\t\t\t\t\t<\/div>\n\t\t\t\t\t\t\t\t\t\t\t\t\t\t\t\t\t\t\t\t\t\t<div class=\"proradio-item\">\n\t\t\t\t\t\t\t\t\t\t\t\t<div class=\"proradio-itemcontainer\">\n\t\t\t\t\t\t\t\t\t\t\t\t\t<article class=\"proradio-post proradio-post__card proradio-post__card--shows proradio-darkbg proradio-negative post-1820 shows type-shows status-publish has-post-thumbnail hentry genre-magazinsendung\" data-qtwaypoints>\n\t<div class=\"proradio-bgimg proradio-bgimg--full proradio-duotone\">\n\t\t<img loading=\"lazy\" decoding=\"async\" width=\"770\" height=\"433\" src=\"https:\/\/www.radio-geretsried.de\/wp-content\/uploads\/2022\/07\/Die-Nacht-770x433.jpg\" class=\"proradio-post__thumb wp-post-image\" alt=\"\" srcset=\"https:\/\/www.radio-geretsried.de\/wp-content\/uploads\/2022\/07\/Die-Nacht-770x433.jpg 770w, https:\/\/www.radio-geretsried.de\/wp-content\/uploads\/2022\/07\/Die-Nacht-1170x658.jpg 1170w, https:\/\/www.radio-geretsried.de\/wp-content\/uploads\/2022\/07\/Die-Nacht-768x432.jpg 768w, https:\/\/www.radio-geretsried.de\/wp-content\/uploads\/2022\/07\/Die-Nacht-1536x864.jpg 1536w, https:\/\/www.radio-geretsried.de\/wp-content\/uploads\/2022\/07\/Die-Nacht.jpg 1700w\" sizes=\"(max-width: 770px) 100vw, 770px\" \/>\t<\/div>\n\t<div class=\"proradio-post__headercont\">\n\t\t\t\t<a class=\"proradio-post__header__link\" href=\"https:\/\/www.radio-geretsried.de\/index.php\/shows\/die-nacht\/\"><\/a>\n\t\t<div class=\"proradio-post__card__cap\">\n\t\t\t<p class=\"proradio-cats\">\n\t\t\t\t<a href=\"https:\/\/www.radio-geretsried.de\/index.php\/showgenre\/magazinsendung\/\" class=\"proradio-catid-56\">Magazinsendung<\/a>\t\t\t<\/p>\n\t\t\t<h3 class=\"proradio-post__title proradio-cutme-t-2 proradio-h4\"><a href=\"https:\/\/www.radio-geretsried.de\/index.php\/shows\/die-nacht\/\">Die Nacht<\/a><\/h3>\n\t\t\t\t\t\t\t<p class=\"proradio-itemmetas\">\n\t\t\t\t\t00:00 - 06:00\t\t\t\t<\/p>\n\t\t\t\t\t\t<\/div>\n\t\t\t\t<i class='material-icons proradio-post__switchcontent' data-proradio-activates=\"gparent\">more_vert<\/i>\n\t\t\t<\/div>\n\t\t\t<div class=\"proradio-post__headercont--ex proradio-paper\">\n\t\t\t<h4><a href=\"https:\/\/www.radio-geretsried.de\/index.php\/shows\/die-nacht\/\">Die Nacht<\/a><\/h4>\n\t\t\t\t\t\t\t<h6 class=\"proradio-cutme-t\">\n\t\t\t\t\tMontag bis Freitag - von Mitternacht bis 6 Uhr\t\t\t\t<\/h6>\n\t\t\t\t\t\t\t<p>Curabitur id lacus felis. Sed justo mauris, auctor eget tellus nec, pellentesque varius mauris. Sed eu congue nulla, et tincidunt justo. Aliquam semper faucibus odio id varius. Suspendisse varius laoreet sodales.<\/p>\n\t\t\t<i class='material-icons proradio-post__switchcontent' data-proradio-activates=\"gparent\">close<\/i>\n\t\t<\/div>\n\t\t<\/article>\t\t\t\t\t\t\t\t\t\t\t\t<\/div>\n\t\t\t\t\t\t\t\t\t\t\t<\/div>\n\t\t\t\t\t\t\t\t\t\t\t\t\t\t\t\t\t\t\t\t\t\t<div class=\"proradio-item\">\n\t\t\t\t\t\t\t\t\t\t\t\t<div class=\"proradio-itemcontainer\">\n\t\t\t\t\t\t\t\t\t\t\t\t\t<article class=\"proradio-post proradio-post__card proradio-post__card--shows proradio-darkbg proradio-negative post-1819 shows type-shows status-publish has-post-thumbnail hentry genre-magazinsendung\" data-qtwaypoints>\n\t<div class=\"proradio-bgimg proradio-bgimg--full proradio-duotone\">\n\t\t<img loading=\"lazy\" decoding=\"async\" width=\"770\" height=\"433\" src=\"https:\/\/www.radio-geretsried.de\/wp-content\/uploads\/2022\/07\/Der-Morgen-770x433.jpg\" class=\"proradio-post__thumb wp-post-image\" alt=\"\" srcset=\"https:\/\/www.radio-geretsried.de\/wp-content\/uploads\/2022\/07\/Der-Morgen-770x433.jpg 770w, https:\/\/www.radio-geretsried.de\/wp-content\/uploads\/2022\/07\/Der-Morgen-1170x658.jpg 1170w, https:\/\/www.radio-geretsried.de\/wp-content\/uploads\/2022\/07\/Der-Morgen-768x432.jpg 768w, https:\/\/www.radio-geretsried.de\/wp-content\/uploads\/2022\/07\/Der-Morgen-1536x864.jpg 1536w, https:\/\/www.radio-geretsried.de\/wp-content\/uploads\/2022\/07\/Der-Morgen.jpg 1700w\" sizes=\"(max-width: 770px) 100vw, 770px\" \/>\t<\/div>\n\t<div class=\"proradio-post__headercont\">\n\t\t\t\t<a class=\"proradio-post__header__link\" href=\"https:\/\/www.radio-geretsried.de\/index.php\/shows\/der-morgen\/\"><\/a>\n\t\t<div class=\"proradio-post__card__cap\">\n\t\t\t<p class=\"proradio-cats\">\n\t\t\t\t<a href=\"https:\/\/www.radio-geretsried.de\/index.php\/showgenre\/magazinsendung\/\" class=\"proradio-catid-56\">Magazinsendung<\/a>\t\t\t<\/p>\n\t\t\t<h3 class=\"proradio-post__title proradio-cutme-t-2 proradio-h4\"><a href=\"https:\/\/www.radio-geretsried.de\/index.php\/shows\/der-morgen\/\">Der Morgen<\/a><\/h3>\n\t\t\t\t\t\t\t<p class=\"proradio-itemmetas\">\n\t\t\t\t\t06:00 - 10:00\t\t\t\t<\/p>\n\t\t\t\t\t\t<\/div>\n\t\t\t<\/div>\n\t<\/article>\t\t\t\t\t\t\t\t\t\t\t\t<\/div>\n\t\t\t\t\t\t\t\t\t\t\t<\/div>\n\t\t\t\t\t\t\t\t\t\t\t\t\t\t<\/div>\n\t\t<\/div>\n\t\t\t\t\t\t<\/div>\n\t\t\t\t<\/div>\n\t\t\t\t\t<\/div>\n\t\t<\/div>\n\t\t\t\t\t<\/div>\n\t\t<\/section>\n\t\t\t\t<\/div>\n\t\t","protected":false},"excerpt":{"rendered":"<p>HIGHLIGHTS Featured Me &#8211; Too Was Needed, But Has It Gone Too &#8211; Far?: 4 Considerations! Track appears in new box set\u2026 A new box set showcasing recordings Captain Beefheart made in the early Seventies is due for release. After silence, that which comes nearest to expressing the inexpressible is ...<\/p>\n","protected":false},"author":2,"featured_media":0,"parent":0,"menu_order":0,"comment_status":"closed","ping_status":"closed","template":"page-sidebar.php","meta":{"_themeisle_gutenberg_block_has_review":false,"footnotes":""},"class_list":["post-6864","page","type-page","status-publish","hentry"],"yoast_head":"<!-- This site is optimized with the Yoast SEO plugin v27.4 - https:\/\/yoast.com\/product\/yoast-seo-wordpress\/ -->\n<title>Home 04 - RADIO GERETSRIED<\/title>\n<meta name=\"robots\" content=\"index, follow, max-snippet:-1, max-image-preview:large, max-video-preview:-1\" \/>\n<link rel=\"canonical\" href=\"https:\/\/www.radio-geretsried.de\/index.php\/home-04\/\" \/>\n<meta property=\"og:locale\" content=\"de_DE\" \/>\n<meta property=\"og:type\" content=\"article\" \/>\n<meta property=\"og:title\" content=\"Home 04 - RADIO GERETSRIED\" \/>\n<meta property=\"og:description\" content=\"HIGHLIGHTS Featured Me &#8211; Too Was Needed, But Has It Gone Too &#8211; Far?: 4 Considerations! Track appears in new box set\u2026 A new box set showcasing recordings Captain Beefheart made in the early Seventies is due for release. After silence, that which comes nearest to expressing the inexpressible is [...]\" \/>\n<meta property=\"og:url\" content=\"https:\/\/www.radio-geretsried.de\/index.php\/home-04\/\" \/>\n<meta property=\"og:site_name\" content=\"RADIO GERETSRIED\" \/>\n<meta property=\"article:publisher\" content=\"https:\/\/www.facebook.com\/stadtsender\" \/>\n<meta property=\"article:modified_time\" content=\"2022-07-02T05:36:52+00:00\" \/>\n<meta property=\"og:image\" content=\"https:\/\/neu.radio-geretsried.de\/wp-content\/uploads\/2021\/08\/16.jpg\" \/>\n<meta name=\"twitter:card\" content=\"summary_large_image\" \/>\n<meta name=\"twitter:label1\" content=\"Gesch\u00e4tzte Lesezeit\" \/>\n\t<meta name=\"twitter:data1\" content=\"5\u00a0Minuten\" \/>\n<script type=\"application\/ld+json\" class=\"yoast-schema-graph\">{\"@context\":\"https:\\\/\\\/schema.org\",\"@graph\":[{\"@type\":\"WebPage\",\"@id\":\"https:\\\/\\\/www.radio-geretsried.de\\\/index.php\\\/home-04\\\/\",\"url\":\"https:\\\/\\\/www.radio-geretsried.de\\\/index.php\\\/home-04\\\/\",\"name\":\"Home 04 - RADIO GERETSRIED\",\"isPartOf\":{\"@id\":\"https:\\\/\\\/www.radio-geretsried.de\\\/#website\"},\"primaryImageOfPage\":{\"@id\":\"https:\\\/\\\/www.radio-geretsried.de\\\/index.php\\\/home-04\\\/#primaryimage\"},\"image\":{\"@id\":\"https:\\\/\\\/www.radio-geretsried.de\\\/index.php\\\/home-04\\\/#primaryimage\"},\"thumbnailUrl\":\"https:\\\/\\\/neu.radio-geretsried.de\\\/wp-content\\\/uploads\\\/2021\\\/08\\\/16.jpg\",\"datePublished\":\"2021-08-30T13:29:09+00:00\",\"dateModified\":\"2022-07-02T05:36:52+00:00\",\"breadcrumb\":{\"@id\":\"https:\\\/\\\/www.radio-geretsried.de\\\/index.php\\\/home-04\\\/#breadcrumb\"},\"inLanguage\":\"de\",\"potentialAction\":[{\"@type\":\"ReadAction\",\"target\":[\"https:\\\/\\\/www.radio-geretsried.de\\\/index.php\\\/home-04\\\/\"]}]},{\"@type\":\"ImageObject\",\"inLanguage\":\"de\",\"@id\":\"https:\\\/\\\/www.radio-geretsried.de\\\/index.php\\\/home-04\\\/#primaryimage\",\"url\":\"https:\\\/\\\/neu.radio-geretsried.de\\\/wp-content\\\/uploads\\\/2021\\\/08\\\/16.jpg\",\"contentUrl\":\"https:\\\/\\\/neu.radio-geretsried.de\\\/wp-content\\\/uploads\\\/2021\\\/08\\\/16.jpg\"},{\"@type\":\"BreadcrumbList\",\"@id\":\"https:\\\/\\\/www.radio-geretsried.de\\\/index.php\\\/home-04\\\/#breadcrumb\",\"itemListElement\":[{\"@type\":\"ListItem\",\"position\":1,\"name\":\"Startseite\",\"item\":\"https:\\\/\\\/www.radio-geretsried.de\\\/\"},{\"@type\":\"ListItem\",\"position\":2,\"name\":\"Home 04\"}]},{\"@type\":\"WebSite\",\"@id\":\"https:\\\/\\\/www.radio-geretsried.de\\\/#website\",\"url\":\"https:\\\/\\\/www.radio-geretsried.de\\\/\",\"name\":\"RADIO GERETSRIED\",\"description\":\"So klingt die Stadt\",\"publisher\":{\"@id\":\"https:\\\/\\\/www.radio-geretsried.de\\\/#organization\"},\"potentialAction\":[{\"@type\":\"SearchAction\",\"target\":{\"@type\":\"EntryPoint\",\"urlTemplate\":\"https:\\\/\\\/www.radio-geretsried.de\\\/?s={search_term_string}\"},\"query-input\":{\"@type\":\"PropertyValueSpecification\",\"valueRequired\":true,\"valueName\":\"search_term_string\"}}],\"inLanguage\":\"de\"},{\"@type\":\"Organization\",\"@id\":\"https:\\\/\\\/www.radio-geretsried.de\\\/#organization\",\"name\":\"RADIO GERETSRIED\",\"url\":\"https:\\\/\\\/www.radio-geretsried.de\\\/\",\"logo\":{\"@type\":\"ImageObject\",\"inLanguage\":\"de\",\"@id\":\"https:\\\/\\\/www.radio-geretsried.de\\\/#\\\/schema\\\/logo\\\/image\\\/\",\"url\":\"https:\\\/\\\/www.radio-geretsried.de\\\/wp-content\\\/uploads\\\/2022\\\/07\\\/Radio-Geretsried-Logo-Farbig-e1656961244490.png\",\"contentUrl\":\"https:\\\/\\\/www.radio-geretsried.de\\\/wp-content\\\/uploads\\\/2022\\\/07\\\/Radio-Geretsried-Logo-Farbig-e1656961244490.png\",\"width\":4000,\"height\":1780,\"caption\":\"RADIO GERETSRIED\"},\"image\":{\"@id\":\"https:\\\/\\\/www.radio-geretsried.de\\\/#\\\/schema\\\/logo\\\/image\\\/\"},\"sameAs\":[\"https:\\\/\\\/www.facebook.com\\\/stadtsender\",\"https:\\\/\\\/www.instagram.com\\\/radiogeretsried\\\/\"]}]}<\/script>\n<!-- \/ Yoast SEO plugin. -->","yoast_head_json":{"title":"Home 04 - RADIO GERETSRIED","robots":{"index":"index","follow":"follow","max-snippet":"max-snippet:-1","max-image-preview":"max-image-preview:large","max-video-preview":"max-video-preview:-1"},"canonical":"https:\/\/www.radio-geretsried.de\/index.php\/home-04\/","og_locale":"de_DE","og_type":"article","og_title":"Home 04 - RADIO GERETSRIED","og_description":"HIGHLIGHTS Featured Me &#8211; Too Was Needed, But Has It Gone Too &#8211; Far?: 4 Considerations! Track appears in new box set\u2026 A new box set showcasing recordings Captain Beefheart made in the early Seventies is due for release. After silence, that which comes nearest to expressing the inexpressible is [...]","og_url":"https:\/\/www.radio-geretsried.de\/index.php\/home-04\/","og_site_name":"RADIO GERETSRIED","article_publisher":"https:\/\/www.facebook.com\/stadtsender","article_modified_time":"2022-07-02T05:36:52+00:00","og_image":[{"url":"https:\/\/neu.radio-geretsried.de\/wp-content\/uploads\/2021\/08\/16.jpg","type":"","width":"","height":""}],"twitter_card":"summary_large_image","twitter_misc":{"Gesch\u00e4tzte Lesezeit":"5\u00a0Minuten"},"schema":{"@context":"https:\/\/schema.org","@graph":[{"@type":"WebPage","@id":"https:\/\/www.radio-geretsried.de\/index.php\/home-04\/","url":"https:\/\/www.radio-geretsried.de\/index.php\/home-04\/","name":"Home 04 - RADIO GERETSRIED","isPartOf":{"@id":"https:\/\/www.radio-geretsried.de\/#website"},"primaryImageOfPage":{"@id":"https:\/\/www.radio-geretsried.de\/index.php\/home-04\/#primaryimage"},"image":{"@id":"https:\/\/www.radio-geretsried.de\/index.php\/home-04\/#primaryimage"},"thumbnailUrl":"https:\/\/neu.radio-geretsried.de\/wp-content\/uploads\/2021\/08\/16.jpg","datePublished":"2021-08-30T13:29:09+00:00","dateModified":"2022-07-02T05:36:52+00:00","breadcrumb":{"@id":"https:\/\/www.radio-geretsried.de\/index.php\/home-04\/#breadcrumb"},"inLanguage":"de","potentialAction":[{"@type":"ReadAction","target":["https:\/\/www.radio-geretsried.de\/index.php\/home-04\/"]}]},{"@type":"ImageObject","inLanguage":"de","@id":"https:\/\/www.radio-geretsried.de\/index.php\/home-04\/#primaryimage","url":"https:\/\/neu.radio-geretsried.de\/wp-content\/uploads\/2021\/08\/16.jpg","contentUrl":"https:\/\/neu.radio-geretsried.de\/wp-content\/uploads\/2021\/08\/16.jpg"},{"@type":"BreadcrumbList","@id":"https:\/\/www.radio-geretsried.de\/index.php\/home-04\/#breadcrumb","itemListElement":[{"@type":"ListItem","position":1,"name":"Startseite","item":"https:\/\/www.radio-geretsried.de\/"},{"@type":"ListItem","position":2,"name":"Home 04"}]},{"@type":"WebSite","@id":"https:\/\/www.radio-geretsried.de\/#website","url":"https:\/\/www.radio-geretsried.de\/","name":"RADIO GERETSRIED","description":"So klingt die Stadt","publisher":{"@id":"https:\/\/www.radio-geretsried.de\/#organization"},"potentialAction":[{"@type":"SearchAction","target":{"@type":"EntryPoint","urlTemplate":"https:\/\/www.radio-geretsried.de\/?s={search_term_string}"},"query-input":{"@type":"PropertyValueSpecification","valueRequired":true,"valueName":"search_term_string"}}],"inLanguage":"de"},{"@type":"Organization","@id":"https:\/\/www.radio-geretsried.de\/#organization","name":"RADIO GERETSRIED","url":"https:\/\/www.radio-geretsried.de\/","logo":{"@type":"ImageObject","inLanguage":"de","@id":"https:\/\/www.radio-geretsried.de\/#\/schema\/logo\/image\/","url":"https:\/\/www.radio-geretsried.de\/wp-content\/uploads\/2022\/07\/Radio-Geretsried-Logo-Farbig-e1656961244490.png","contentUrl":"https:\/\/www.radio-geretsried.de\/wp-content\/uploads\/2022\/07\/Radio-Geretsried-Logo-Farbig-e1656961244490.png","width":4000,"height":1780,"caption":"RADIO GERETSRIED"},"image":{"@id":"https:\/\/www.radio-geretsried.de\/#\/schema\/logo\/image\/"},"sameAs":["https:\/\/www.facebook.com\/stadtsender","https:\/\/www.instagram.com\/radiogeretsried\/"]}]}},"_links":{"self":[{"href":"https:\/\/www.radio-geretsried.de\/index.php\/wp-json\/wp\/v2\/pages\/6864","targetHints":{"allow":["GET"]}}],"collection":[{"href":"https:\/\/www.radio-geretsried.de\/index.php\/wp-json\/wp\/v2\/pages"}],"about":[{"href":"https:\/\/www.radio-geretsried.de\/index.php\/wp-json\/wp\/v2\/types\/page"}],"author":[{"embeddable":true,"href":"https:\/\/www.radio-geretsried.de\/index.php\/wp-json\/wp\/v2\/users\/2"}],"replies":[{"embeddable":true,"href":"https:\/\/www.radio-geretsried.de\/index.php\/wp-json\/wp\/v2\/comments?post=6864"}],"version-history":[{"count":1,"href":"https:\/\/www.radio-geretsried.de\/index.php\/wp-json\/wp\/v2\/pages\/6864\/revisions"}],"predecessor-version":[{"id":6982,"href":"https:\/\/www.radio-geretsried.de\/index.php\/wp-json\/wp\/v2\/pages\/6864\/revisions\/6982"}],"wp:attachment":[{"href":"https:\/\/www.radio-geretsried.de\/index.php\/wp-json\/wp\/v2\/media?parent=6864"}],"curies":[{"name":"wp","href":"https:\/\/api.w.org\/{rel}","templated":true}]}}